{"id":6755,"date":"2017-09-05T08:07:33","date_gmt":"2017-09-05T06:07:33","guid":{"rendered":"https:\/\/cristinasaura.com\/?page_id=6755"},"modified":"2025-08-01T09:19:43","modified_gmt":"2025-08-01T07:19:43","slug":"botiga-de-vestits-de-dissenyador","status":"publish","type":"page","link":"https:\/\/cristinasaura.com\/ca\/botiga-de-vestits-de-dissenyador\/","title":{"rendered":"Botiga de vestits de dissenyador"},"content":{"rendered":"<p>[et_pb_section fb_built=&#8221;1&#8243; fullwidth=&#8221;on&#8221; _builder_version=&#8221;4.16&#8243; global_colors_info=&#8221;{}&#8221;][et_pb_nextend_smart_slider_3_fullwidth slider=&#8221;44&#8243; _builder_version=&#8221;3.14&#8243; global_colors_info=&#8221;{}&#8221;]&lt;div class=&#8221;et_pb_module et-waypoint et_pb_nextend_smart_slider_3_fullwidth_1 et_pb_animation_off&#8221;&gt;&lt;iframe class=&#8221;n2-ss-slider-frame&#8221; style=&#8221;width: 100%; display: block; border: 0;&#8221; src=&#8221;https:\/\/cristinasaura.com?n2prerender=1&amp;n2app=smartslider&amp;n2controller=slider&amp;n2action=iframe&amp;sliderid=15&amp;hash=c47a58f1fcd5a4054695f3390eefa41f&#8221; width=&#8221;300&#8243; height=&#8221;150&#8243; frameborder=&#8221;0&#8243;&gt;&lt;\/iframe&gt;&lt;\/div&gt;<br \/>\n[\/et_pb_nextend_smart_slider_3_fullwidth][\/et_pb_section][et_pb_section fb_built=&#8221;1&#8243; custom_padding_last_edited=&#8221;on|phone&#8221; module_id=&#8221;contacto&#8221; _builder_version=&#8221;4.16&#8243; background_color=&#8221;#f9f9f9&#8243; max_width_tablet=&#8221;70%&#8221; max_width_phone=&#8221;90%&#8221; max_width_last_edited=&#8221;off|phone&#8221; custom_margin=&#8221;||0px|&#8221; custom_padding=&#8221;44px|0px|0px|0px&#8221; custom_padding_tablet=&#8221;&#8221; custom_padding_phone=&#8221;&#8221; global_colors_info=&#8221;{}&#8221;][et_pb_row column_structure=&#8221;1_3,1_3,1_3&#8243; _builder_version=&#8221;4.16&#8243; background_position=&#8221;top_left&#8221; custom_padding=&#8221;0px|0px|0px|0px&#8221; global_colors_info=&#8221;{}&#8221;][et_pb_column type=&#8221;1_3&#8243; _builder_version=&#8221;4.16&#8243; custom_padding=&#8221;|||&#8221; global_colors_info=&#8221;{}&#8221; custom_padding__hover=&#8221;|||&#8221;][et_pb_text disabled_on=&#8221;off|off|off&#8221; admin_label=&#8221;Direcci\u00f3n&#8221; _builder_version=&#8221;4.16&#8243; text_font=&#8221;|300|||||||&#8221; text_orientation=&#8221;center&#8221; custom_margin=&#8221;0px|0px|0px|0px&#8221; custom_margin_tablet=&#8221;&#8221; custom_margin_phone=&#8221;&#8221; custom_margin_last_edited=&#8221;on|phone&#8221; custom_padding=&#8221;0px|0px|0px|80px&#8221; custom_padding_tablet=&#8221;&#8221; custom_padding_phone=&#8221;0px|0px|0px|0px&#8221; custom_padding_last_edited=&#8221;on|desktop&#8221; global_colors_info=&#8221;{}&#8221;]<\/p>\n<p style=\"text-align: center;\">Direcci\u00f3<\/p>\n<p style=\"text-align: center;\">Carrer del Comer\u00e7\u00a0 1 <br \/>08003 Barcelona<\/p>\n<p>[\/et_pb_text][\/et_pb_column][et_pb_column type=&#8221;1_3&#8243; _builder_version=&#8221;4.16&#8243; custom_padding=&#8221;|||&#8221; global_colors_info=&#8221;{}&#8221; custom_padding__hover=&#8221;|||&#8221;][et_pb_text disabled_on=&#8221;off|off|off&#8221; admin_label=&#8221;Horario&#8221; _builder_version=&#8221;4.27.4&#8243; text_font=&#8221;|300|||||||&#8221; text_orientation=&#8221;center&#8221; custom_margin=&#8221;0px|0px|-7px|0px||&#8221; custom_margin_tablet=&#8221;&#8221; custom_margin_phone=&#8221;&#8221; custom_margin_last_edited=&#8221;on|phone&#8221; custom_padding=&#8221;0px|0px|0px|0px&#8221; custom_padding_tablet=&#8221;&#8221; custom_padding_phone=&#8221;&#8221; custom_padding_last_edited=&#8221;on|desktop&#8221; global_colors_info=&#8221;{}&#8221;]<\/p>\n<p style=\"text-align: center;\">Horari Comercial<\/p>\n<p style=\"text-align: center;\">de Dilluns a Dijous,<br \/>11:00 a 14:00\u00a0 &#8211;\u00a0 16:00 a 19:00<br \/>Divendres,<br \/>11:00 a 14:00<\/p>\n<p style=\"text-align: center;\">Divendres tarda, Dissabte i d\u00b4altre horari alternatiu,<br \/>nom\u00e9s amb cita pr\u00e8via<\/p>\n<p>[\/et_pb_text][\/et_pb_column][et_pb_column type=&#8221;1_3&#8243; _builder_version=&#8221;4.16&#8243; custom_padding=&#8221;|||&#8221; global_colors_info=&#8221;{}&#8221; custom_padding__hover=&#8221;|||&#8221;][et_pb_text admin_label=&#8221;contacto&#8221; _builder_version=&#8221;4.27.4&#8243; text_font=&#8221;|300|||||||&#8221; text_orientation=&#8221;center&#8221; custom_margin=&#8221;0px|0px|0px|0px&#8221; custom_margin_tablet=&#8221;&#8221; custom_margin_phone=&#8221;&#8221; custom_margin_last_edited=&#8221;on|phone&#8221; custom_padding=&#8221;0px|0px|0px|80px&#8221; custom_padding_tablet=&#8221;&#8221; custom_padding_phone=&#8221;0px|0px|0px|0px&#8221; custom_padding_last_edited=&#8221;on|desktop&#8221; hover_enabled=&#8221;0&#8243; global_colors_info=&#8221;{}&#8221; sticky_enabled=&#8221;0&#8243;]<\/p>\n<p style=\"text-align: center;\">Contacte<\/p>\n<p style=\"text-align: center;\"><a href=\"mailto:web@cristinasaura.com?Subject=Enviat des de cristinasaura.com\"><strong>web@cristinasaura.com<\/strong><\/a><br \/><strong>+34 626 540 005<\/strong><br \/>DEMANA CITA PR\u00c8VIA<\/p>\n<p>[\/et_pb_text][\/et_pb_column][\/et_pb_row][et_pb_row _builder_version=&#8221;4.16&#8243; max_width=&#8221;855px&#8221; custom_margin=&#8221;|auto|-11px|auto||&#8221; custom_padding=&#8221;43px||41px|||&#8221; use_custom_width=&#8221;on&#8221; custom_width_px=&#8221;855px&#8221; global_colors_info=&#8221;{}&#8221;][et_pb_column type=&#8221;4_4&#8243; _builder_version=&#8221;4.16&#8243; custom_padding=&#8221;|||&#8221; global_colors_info=&#8221;{}&#8221; custom_padding__hover=&#8221;|||&#8221;][et_pb_divider color=&#8221;#000000&#8243; divider_position=&#8221;center&#8221; divider_weight=&#8221;4&#8243; admin_label=&#8221;Linea Capital &#8211; 82 \/ 4&#8243; _builder_version=&#8221;4.16&#8243; max_width=&#8221;50px&#8221; module_alignment=&#8221;left&#8221; height=&#8221;20px&#8221; custom_margin=&#8221;0px|0px|0px|0px&#8221; custom_margin_tablet=&#8221;&#8221; custom_margin_phone=&#8221;0px|0px|10px|0px&#8221; custom_margin_last_edited=&#8221;on|phone&#8221; custom_padding=&#8221;0px|0px|0px|80px&#8221; custom_padding_tablet=&#8221;&#8221; custom_padding_phone=&#8221;0px|0px|0px|0px&#8221; custom_padding_last_edited=&#8221;on|phone&#8221; locked=&#8221;off&#8221; global_colors_info=&#8221;{}&#8221;][\/et_pb_divider][et_pb_text admin_label=&#8221;Letra Capital&#8221; _builder_version=&#8221;4.16&#8243; text_font=&#8221;|300||on|||||&#8221; text_font_size=&#8221;85px&#8221; text_line_height=&#8221;1em&#8221; custom_margin=&#8221;-24px|0px|0px|0px||&#8221; custom_margin_tablet=&#8221;&#8221; custom_margin_phone=&#8221;-10px|0px|50px|0px&#8221; custom_margin_last_edited=&#8221;on|phone&#8221; custom_padding=&#8221;0px|0px|0px|0px||&#8221; border_color_all=&#8221;#ffffff&#8221; border_style_all=&#8221;none&#8221; saved_tabs=&#8221;all&#8221; global_colors_info=&#8221;{}&#8221;]T<br \/>\n[\/et_pb_text][et_pb_text admin_label=&#8221;Titulo Capital&#8221; _builder_version=&#8221;4.16&#8243; text_font=&#8221;|300||on|||||&#8221; header_font=&#8221;|300||on|||||&#8221; header_2_font=&#8221;|300|||||||&#8221; header_3_font=&#8221;|300|||||||&#8221; header_4_font=&#8221;|300|||||||&#8221; header_5_font=&#8221;|300|||||||&#8221; header_6_font=&#8221;|300|||||||&#8221; custom_margin=&#8221;-50px|0px|0px|0px&#8221; custom_margin_tablet=&#8221;&#8221; custom_margin_phone=&#8221;&#8221; custom_margin_last_edited=&#8221;on|desktop&#8221; custom_padding=&#8221;0px|0px|0px|80px&#8221; custom_padding_tablet=&#8221;&#8221; custom_padding_phone=&#8221;0px|0px|0px|0px&#8221; custom_padding_last_edited=&#8221;on|desktop&#8221; global_colors_info=&#8221;{}&#8221;]<\/p>\n<h1>BOTIGA DE VESTITS DE N\u00daVIA A BARCELONA. VESTITS DE DISSENYADOR<\/h1>\n<p>[\/et_pb_text][et_pb_text admin_label=&#8221;Texto normal&#8221; _builder_version=&#8221;4.16&#8243; text_font=&#8221;|300|||||||&#8221; header_text_align=&#8221;center&#8221; text_orientation=&#8221;justified&#8221; custom_margin=&#8221;20px|||&#8221; custom_margin_last_edited=&#8221;off|desktop&#8221; custom_padding_last_edited=&#8221;off|phone&#8221; global_colors_info=&#8221;{}&#8221;]<\/p>\n<p style=\"text-align: center;\">Com a \u00fanica distribu\u00efdora de la marca a l&#8217;actualitat, la botiga de vestits de n\u00favia i vestits de festa, de la dissenyadora Cristina Saura es troba en Carrer del Comer\u00e7 1 de la ciutat de Barcelona, i en ella s&#8217;exposen i comercialitzen els dissenys de <a href=\"https:\/\/cristinasaura.com\/ca\/vestits-de-nuvia-alta-costura\/\">vestits de n\u00favia<\/a>, <a href=\"https:\/\/cristinasaura.com\/ca\/vestits-festa-alta-costura\/\">vestits de c\u00f2ctel, vestits de nit i vestits de festa<\/a> de la signatura, especialitzada en Alta Costura.<br \/>\n\u00c9s tamb\u00e9 el lloc on la directora creativa de CRISTINA SAURA rep i prova a les seves clientes personalment.<\/p>\n<p>[\/et_pb_text][\/et_pb_column][\/et_pb_row][\/et_pb_section][et_pb_section fb_built=&#8221;1&#8243; _builder_version=&#8221;4.16&#8243; custom_margin=&#8221;11px|0px||0px||&#8221; custom_margin_tablet=&#8221;&#8221; custom_margin_phone=&#8221;0px|0px|0px|0px&#8221; custom_margin_last_edited=&#8221;on|phone&#8221; custom_padding=&#8221;0px|0px|0px|0px&#8221; global_colors_info=&#8221;{}&#8221;][et_pb_row custom_padding_last_edited=&#8221;on|phone&#8221; module_id=&#8221;ancho-completo&#8221; module_class=&#8221; et_pb_row_fullwidth&#8221; _builder_version=&#8221;4.16&#8243; width=&#8221;89%&#8221; width_tablet=&#8221;80%&#8221; width_phone=&#8221;&#8221; width_last_edited=&#8221;on|desktop&#8221; max_width=&#8221;89%&#8221; max_width_tablet=&#8221;80%&#8221; max_width_phone=&#8221;&#8221; max_width_last_edited=&#8221;on|desktop&#8221; custom_margin=&#8221;0px|0px||0px&#8221; custom_margin_tablet=&#8221;&#8221; custom_margin_phone=&#8221;&#8221; custom_margin_last_edited=&#8221;on|desktop&#8221; custom_padding=&#8221;|0px|0px|0px&#8221; custom_padding_tablet=&#8221;&#8221; custom_padding_phone=&#8221;&#8221; make_fullwidth=&#8221;on&#8221; global_colors_info=&#8221;{}&#8221;][et_pb_column type=&#8221;4_4&#8243; _builder_version=&#8221;4.16&#8243; custom_padding=&#8221;|0px||0px&#8221; global_colors_info=&#8221;{}&#8221; custom_padding__hover=&#8221;|||&#8221;][et_pb_image src=&#8221;https:\/\/cristinasaura.com\/wp-content\/uploads\/2018\/01\/sala-de-ventas-cristina-saura.jpg&#8221; alt=&#8221;Atractiva sala de vendes de la botiga de n\u00favies a Barcelona de CRISTINA SAURA.&#8221; force_fullwidth=&#8221;on&#8221; align_tablet=&#8221;center&#8221; align_phone=&#8221;&#8221; align_last_edited=&#8221;on|desktop&#8221; admin_label=&#8221;Sala de ventas tienda.&#8221; _builder_version=&#8221;4.16&#8243; custom_margin=&#8221;0px||0px|&#8221; custom_margin_tablet=&#8221;&#8221; custom_margin_phone=&#8221;&#8221; custom_margin_last_edited=&#8221;on|phone&#8221; custom_padding=&#8221;0px||0px|&#8221; custom_padding_tablet=&#8221;&#8221; custom_padding_phone=&#8221;&#8221; custom_padding_last_edited=&#8221;on|tablet&#8221; global_colors_info=&#8221;{}&#8221;]&nbsp;<br \/>\n[\/et_pb_image][\/et_pb_column][\/et_pb_row][\/et_pb_section][et_pb_section fb_built=&#8221;1&#8243; custom_padding_last_edited=&#8221;on|phone&#8221; _builder_version=&#8221;4.16&#8243; background_color=&#8221;#f9f9f9&#8243; max_width_tablet=&#8221;70%&#8221; max_width_phone=&#8221;90%&#8221; max_width_last_edited=&#8221;off|phone&#8221; custom_margin=&#8221;||0px|&#8221; custom_padding=&#8221;24px|0px|19px|0px&#8221; custom_padding_tablet=&#8221;&#8221; custom_padding_phone=&#8221;&#8221; global_colors_info=&#8221;{}&#8221;][et_pb_row disabled_on=&#8221;off|off|off&#8221; _builder_version=&#8221;4.16&#8243; max_width=&#8221;855px&#8221; custom_margin=&#8221;-22px|auto||auto||&#8221; custom_padding=&#8221;57px||0px|&#8221; use_custom_width=&#8221;on&#8221; custom_width_px=&#8221;855px&#8221; global_colors_info=&#8221;{}&#8221;][et_pb_column type=&#8221;4_4&#8243; _builder_version=&#8221;4.16&#8243; custom_padding=&#8221;|||&#8221; global_colors_info=&#8221;{}&#8221; custom_padding__hover=&#8221;|||&#8221;][et_pb_divider color=&#8221;#000000&#8243; divider_position=&#8221;center&#8221; divider_weight=&#8221;4&#8243; admin_label=&#8221;Linea Capital &#8211; 82 \/ 4&#8243; _builder_version=&#8221;4.16&#8243; max_width=&#8221;50px&#8221; module_alignment=&#8221;left&#8221; height=&#8221;20px&#8221; custom_margin=&#8221;0px|0px|0px|0px&#8221; custom_margin_tablet=&#8221;&#8221; custom_margin_phone=&#8221;0px|0px|10px|0px&#8221; custom_margin_last_edited=&#8221;on|phone&#8221; custom_padding=&#8221;0px|0px|0px|80px&#8221; custom_padding_tablet=&#8221;&#8221; custom_padding_phone=&#8221;0px|0px|0px|0px&#8221; custom_padding_last_edited=&#8221;on|phone&#8221; locked=&#8221;off&#8221; global_colors_info=&#8221;{}&#8221;][\/et_pb_divider][et_pb_text admin_label=&#8221;Letra Capital&#8221; _builder_version=&#8221;4.16&#8243; text_font=&#8221;|300||on|||||&#8221; text_font_size=&#8221;85px&#8221; text_line_height=&#8221;1em&#8221; custom_margin=&#8221;-22px|0px|0px|0px||&#8221; custom_margin_tablet=&#8221;&#8221; custom_margin_phone=&#8221;-10px|0px|50px|0px&#8221; custom_margin_last_edited=&#8221;on|phone&#8221; custom_padding=&#8221;0px|0px|0px|0px&#8221; border_color_all=&#8221;#ffffff&#8221; border_style_all=&#8221;none&#8221; saved_tabs=&#8221;all&#8221; global_colors_info=&#8221;{}&#8221;]E<br \/>\n[\/et_pb_text][et_pb_text admin_label=&#8221;pretendo cambiar t\u00edtulo capital por texto&#8221; _builder_version=&#8221;4.16&#8243; text_font=&#8221;|300|||||||&#8221; text_line_height=&#8221;1.6em&#8221; header_2_font=&#8221;|300|||||||&#8221; header_3_font=&#8221;|300|||||||&#8221; header_4_font=&#8221;|300|||||||&#8221; header_5_font=&#8221;|300|||||||&#8221; header_6_font=&#8221;|300|||||||&#8221; custom_margin=&#8221;-50px|0px|0px|0px&#8221; custom_margin_tablet=&#8221;&#8221; custom_margin_phone=&#8221;&#8221; custom_margin_last_edited=&#8221;on|desktop&#8221; custom_padding=&#8221;0px|0px|0px|80px&#8221; custom_padding_tablet=&#8221;&#8221; custom_padding_phone=&#8221;0px|0px|0px|0px&#8221; custom_padding_last_edited=&#8221;on|desktop&#8221; global_colors_info=&#8221;{}&#8221;]<\/p>\n<p style=\"text-align: center;\">En la mateixa ubicaci\u00f3 i contigu a la sala de vendes es troba el taller de la signatura, on es desenvolupa la totalitat del proc\u00e9s creatiu de tots els dissenys de CRISTINA SAURA; des dels esbossos inicials de les futures col\u00b7leccions, selecci\u00f3 de teixits, experimentacions, patronatge, modelatge, tall, construcci\u00f3 de prototips, confecci\u00f3 dels vestits, proves i acabats finals. \u00c9s el cor mateix del saber fer i de la excel\u00b7l\u00e8ncia.<\/p>\n<p>&nbsp;<\/p>\n<h5 style=\"text-align: center;\"><\/h5>\n<p>[\/et_pb_text][\/et_pb_column][\/et_pb_row][\/et_pb_section][et_pb_section fb_built=&#8221;1&#8243; _builder_version=&#8221;4.16&#8243; custom_margin=&#8221;0px|0px||0px&#8221; custom_margin_tablet=&#8221;&#8221; custom_margin_phone=&#8221;0px|0px|0px|0px&#8221; custom_margin_last_edited=&#8221;on|phone&#8221; custom_padding=&#8221;0px|0px|0px|0px&#8221; locked=&#8221;off&#8221; global_colors_info=&#8221;{}&#8221;][et_pb_row custom_padding_last_edited=&#8221;on|phone&#8221; module_id=&#8221;ancho-completo&#8221; module_class=&#8221; et_pb_row_fullwidth et_pb_row_fullwidth et_pb_row_fullwidth et_pb_row_fullwidth et_pb_row_fullwidth et_pb_row_fullwidth&#8221; _builder_version=&#8221;4.16&#8243; width=&#8221;89%&#8221; width_tablet=&#8221;80%&#8221; width_phone=&#8221;&#8221; width_last_edited=&#8221;on|desktop&#8221; max_width=&#8221;89%&#8221; max_width_tablet=&#8221;80%&#8221; max_width_phone=&#8221;&#8221; max_width_last_edited=&#8221;on|desktop&#8221; custom_margin=&#8221;0px|0px||0px&#8221; custom_margin_tablet=&#8221;&#8221; custom_margin_phone=&#8221;&#8221; custom_margin_last_edited=&#8221;on|desktop&#8221; custom_padding=&#8221;|0px|0px|0px&#8221; custom_padding_tablet=&#8221;&#8221; custom_padding_phone=&#8221;&#8221; make_fullwidth=&#8221;on&#8221; global_colors_info=&#8221;{}&#8221;][et_pb_column type=&#8221;4_4&#8243; _builder_version=&#8221;4.16&#8243; custom_padding=&#8221;|0px||0px&#8221; global_colors_info=&#8221;{}&#8221; custom_padding__hover=&#8221;|||&#8221;][et_pb_code _builder_version=&#8221;4.16&#8243; z_index_tablet=&#8221;500&#8243; global_colors_info=&#8221;{}&#8221;]<iframe loading=\"lazy\" src=\"https:\/\/www.google.com\/maps\/embed?pb=!1m18!1m12!1m3!1d2993.3367944511506!2d2.1794482511088096!3d41.388491679162264!2m3!1f0!2f0!3f0!3m2!1i1024!2i768!4f13.1!3m3!1m2!1s0x12a4a2fce4ff97a7%3A0xfafdfa21b7b2e41e!2sVestidos+de+Novia+de+Alta+Costura+en+Barcelona+CRISTINA+SAURA!5e0!3m2!1ses!2ses!4v1558906368490!5m2!1ses!2ses\" width=\"100%\" height=\"450\" frameborder=\"0\" style=\"border:0\" allowfullscreen><\/iframe>[\/et_pb_code][\/et_pb_column][\/et_pb_row][\/et_pb_section]<\/p>\n","protected":false},"excerpt":{"rendered":"<p>&lt;div class=&#8221;et_pb_module et-waypoint et_pb_nextend_smart_slider_3_fullwidth_1 et_pb_animation_off&#8221;&gt;&lt;iframe class=&#8221;n2-ss-slider-frame&#8221; style=&#8221;width: 100%; display: block; border: 0;&#8221; src=&#8221;https:\/\/cristinasaura.com?n2prerender=1&amp;n2app=smartslider&amp;n2controller=slider&amp;n2action=iframe&amp;sliderid=15&amp;hash=c47a58f1fcd5a4054695f3390eefa41f&#8221; width=&#8221;300&#8243; height=&#8221;150&#8243; frameborder=&#8221;0&#8243;&gt;&lt;\/iframe&gt;&lt;\/div&gt; Direcci\u00f3 Carrer del Comer\u00e7\u00a0 1 08003 BarcelonaHorari Comercial de Dilluns a Dijous,11:00 a 14:00\u00a0 &#8211;\u00a0 16:00 a 19:00Divendres,11:00 a 14:00 Divendres tarda, Dissabte i d\u00b4altre horari alternatiu,nom\u00e9s amb cita pr\u00e8viaContacte web@cristinasaura.com+34 626 540 005DEMANA CITA PR\u00c8VIAT BOTIGA DE VESTITS [&hellip;]<\/p>\n","protected":false},"author":3,"featured_media":0,"parent":0,"menu_order":0,"comment_status":"closed","ping_status":"closed","template":"","meta":{"_et_pb_use_builder":"on","_et_pb_old_content":"","_et_gb_content_width":"","footnotes":""},"class_list":["post-6755","page","type-page","status-publish","hentry"],"yoast_head":"<!-- This site is optimized with the Yoast SEO plugin v26.9 - https:\/\/yoast.com\/product\/yoast-seo-wordpress\/ -->\n<title>Botiga de la dissenyadora d\u00b4Alta Costura Cristina Saura<\/title>\n<meta name=\"description\" content=\"Botiga i taller de la dissenyadora d\u00b4Alta Costura Cristina Saura situada al Carrrer del Comer\u00e7 1 de Barcelona.\" \/>\n<meta name=\"robots\" content=\"index, follow, max-snippet:-1, max-image-preview:large, max-video-preview:-1\" \/>\n<link rel=\"canonical\" href=\"https:\/\/cristinasaura.com\/ca\/botiga-de-vestits-de-dissenyador\/\" \/>\n<meta property=\"og:locale\" content=\"ca_ES\" \/>\n<meta property=\"og:type\" content=\"article\" \/>\n<meta property=\"og:title\" content=\"Botiga de la dissenyadora d\u00b4Alta Costura Cristina Saura\" \/>\n<meta property=\"og:description\" content=\"Botiga i taller de la dissenyadora d\u00b4Alta Costura Cristina Saura situada al Carrrer del Comer\u00e7 1 de Barcelona.\" \/>\n<meta property=\"og:url\" content=\"https:\/\/cristinasaura.com\/ca\/botiga-de-vestits-de-dissenyador\/\" \/>\n<meta property=\"og:site_name\" content=\"Cristina Saura\" \/>\n<meta property=\"article:publisher\" content=\"https:\/\/www.facebook.com\/cristinasaurabarcelona\/\" \/>\n<meta property=\"article:modified_time\" content=\"2025-08-01T07:19:43+00:00\" \/>\n<meta name=\"twitter:card\" content=\"summary_large_image\" \/>\n<meta name=\"twitter:site\" content=\"@cristinasabcn\" \/>\n<meta name=\"twitter:label1\" content=\"Temps estimat de lectura\" \/>\n\t<meta name=\"twitter:data1\" content=\"2 minuts\" \/>\n<script type=\"application\/ld+json\" class=\"yoast-schema-graph\">{\"@context\":\"https:\/\/schema.org\",\"@graph\":[{\"@type\":\"WebPage\",\"@id\":\"https:\/\/cristinasaura.com\/ca\/botiga-de-vestits-de-dissenyador\/\",\"url\":\"https:\/\/cristinasaura.com\/ca\/botiga-de-vestits-de-dissenyador\/\",\"name\":\"Botiga de la dissenyadora d\u00b4Alta Costura Cristina Saura\",\"isPartOf\":{\"@id\":\"https:\/\/cristinasaura.com\/#website\"},\"datePublished\":\"2017-09-05T06:07:33+00:00\",\"dateModified\":\"2025-08-01T07:19:43+00:00\",\"description\":\"Botiga i taller de la dissenyadora d\u00b4Alta Costura Cristina Saura situada al Carrrer del Comer\u00e7 1 de Barcelona.\",\"breadcrumb\":{\"@id\":\"https:\/\/cristinasaura.com\/ca\/botiga-de-vestits-de-dissenyador\/#breadcrumb\"},\"inLanguage\":\"ca\",\"potentialAction\":[{\"@type\":\"ReadAction\",\"target\":[\"https:\/\/cristinasaura.com\/ca\/botiga-de-vestits-de-dissenyador\/\"]}]},{\"@type\":\"BreadcrumbList\",\"@id\":\"https:\/\/cristinasaura.com\/ca\/botiga-de-vestits-de-dissenyador\/#breadcrumb\",\"itemListElement\":[{\"@type\":\"ListItem\",\"position\":1,\"name\":\"Portada\",\"item\":\"https:\/\/cristinasaura.com\/ca\/\"},{\"@type\":\"ListItem\",\"position\":2,\"name\":\"Botiga de vestits de dissenyador\"}]},{\"@type\":\"WebSite\",\"@id\":\"https:\/\/cristinasaura.com\/#website\",\"url\":\"https:\/\/cristinasaura.com\/\",\"name\":\"Cristina Saura\",\"description\":\"Dise\u00f1adora de vestidos de novia y fiesta de Alta Costura en Barcelona\",\"publisher\":{\"@id\":\"https:\/\/cristinasaura.com\/#organization\"},\"potentialAction\":[{\"@type\":\"SearchAction\",\"target\":{\"@type\":\"EntryPoint\",\"urlTemplate\":\"https:\/\/cristinasaura.com\/?s={search_term_string}\"},\"query-input\":{\"@type\":\"PropertyValueSpecification\",\"valueRequired\":true,\"valueName\":\"search_term_string\"}}],\"inLanguage\":\"ca\"},{\"@type\":\"Organization\",\"@id\":\"https:\/\/cristinasaura.com\/#organization\",\"name\":\"CRISTINA SAURA\",\"url\":\"https:\/\/cristinasaura.com\/\",\"logo\":{\"@type\":\"ImageObject\",\"inLanguage\":\"ca\",\"@id\":\"https:\/\/cristinasaura.com\/#\/schema\/logo\/image\/\",\"url\":\"http:\/\/cristinasaura.com\/wp-content\/uploads\/2017\/12\/cristina-saura-logo.png\",\"contentUrl\":\"http:\/\/cristinasaura.com\/wp-content\/uploads\/2017\/12\/cristina-saura-logo.png\",\"width\":687,\"height\":293,\"caption\":\"CRISTINA SAURA\"},\"image\":{\"@id\":\"https:\/\/cristinasaura.com\/#\/schema\/logo\/image\/\"},\"sameAs\":[\"https:\/\/www.facebook.com\/cristinasaurabarcelona\/\",\"https:\/\/x.com\/cristinasabcn\",\"https:\/\/www.instagram.com\/cristinasaurabcn\/\",\"https:\/\/www.pinterest.es\/designercsaura\/\"]}]}<\/script>\n<!-- \/ Yoast SEO plugin. -->","yoast_head_json":{"title":"Botiga de la dissenyadora d\u00b4Alta Costura Cristina Saura","description":"Botiga i taller de la dissenyadora d\u00b4Alta Costura Cristina Saura situada al Carrrer del Comer\u00e7 1 de Barcelona.","robots":{"index":"index","follow":"follow","max-snippet":"max-snippet:-1","max-image-preview":"max-image-preview:large","max-video-preview":"max-video-preview:-1"},"canonical":"https:\/\/cristinasaura.com\/ca\/botiga-de-vestits-de-dissenyador\/","og_locale":"ca_ES","og_type":"article","og_title":"Botiga de la dissenyadora d\u00b4Alta Costura Cristina Saura","og_description":"Botiga i taller de la dissenyadora d\u00b4Alta Costura Cristina Saura situada al Carrrer del Comer\u00e7 1 de Barcelona.","og_url":"https:\/\/cristinasaura.com\/ca\/botiga-de-vestits-de-dissenyador\/","og_site_name":"Cristina Saura","article_publisher":"https:\/\/www.facebook.com\/cristinasaurabarcelona\/","article_modified_time":"2025-08-01T07:19:43+00:00","twitter_card":"summary_large_image","twitter_site":"@cristinasabcn","twitter_misc":{"Temps estimat de lectura":"2 minuts"},"schema":{"@context":"https:\/\/schema.org","@graph":[{"@type":"WebPage","@id":"https:\/\/cristinasaura.com\/ca\/botiga-de-vestits-de-dissenyador\/","url":"https:\/\/cristinasaura.com\/ca\/botiga-de-vestits-de-dissenyador\/","name":"Botiga de la dissenyadora d\u00b4Alta Costura Cristina Saura","isPartOf":{"@id":"https:\/\/cristinasaura.com\/#website"},"datePublished":"2017-09-05T06:07:33+00:00","dateModified":"2025-08-01T07:19:43+00:00","description":"Botiga i taller de la dissenyadora d\u00b4Alta Costura Cristina Saura situada al Carrrer del Comer\u00e7 1 de Barcelona.","breadcrumb":{"@id":"https:\/\/cristinasaura.com\/ca\/botiga-de-vestits-de-dissenyador\/#breadcrumb"},"inLanguage":"ca","potentialAction":[{"@type":"ReadAction","target":["https:\/\/cristinasaura.com\/ca\/botiga-de-vestits-de-dissenyador\/"]}]},{"@type":"BreadcrumbList","@id":"https:\/\/cristinasaura.com\/ca\/botiga-de-vestits-de-dissenyador\/#breadcrumb","itemListElement":[{"@type":"ListItem","position":1,"name":"Portada","item":"https:\/\/cristinasaura.com\/ca\/"},{"@type":"ListItem","position":2,"name":"Botiga de vestits de dissenyador"}]},{"@type":"WebSite","@id":"https:\/\/cristinasaura.com\/#website","url":"https:\/\/cristinasaura.com\/","name":"Cristina Saura","description":"Dise\u00f1adora de vestidos de novia y fiesta de Alta Costura en Barcelona","publisher":{"@id":"https:\/\/cristinasaura.com\/#organization"},"potentialAction":[{"@type":"SearchAction","target":{"@type":"EntryPoint","urlTemplate":"https:\/\/cristinasaura.com\/?s={search_term_string}"},"query-input":{"@type":"PropertyValueSpecification","valueRequired":true,"valueName":"search_term_string"}}],"inLanguage":"ca"},{"@type":"Organization","@id":"https:\/\/cristinasaura.com\/#organization","name":"CRISTINA SAURA","url":"https:\/\/cristinasaura.com\/","logo":{"@type":"ImageObject","inLanguage":"ca","@id":"https:\/\/cristinasaura.com\/#\/schema\/logo\/image\/","url":"http:\/\/cristinasaura.com\/wp-content\/uploads\/2017\/12\/cristina-saura-logo.png","contentUrl":"http:\/\/cristinasaura.com\/wp-content\/uploads\/2017\/12\/cristina-saura-logo.png","width":687,"height":293,"caption":"CRISTINA SAURA"},"image":{"@id":"https:\/\/cristinasaura.com\/#\/schema\/logo\/image\/"},"sameAs":["https:\/\/www.facebook.com\/cristinasaurabarcelona\/","https:\/\/x.com\/cristinasabcn","https:\/\/www.instagram.com\/cristinasaurabcn\/","https:\/\/www.pinterest.es\/designercsaura\/"]}]}},"_links":{"self":[{"href":"https:\/\/cristinasaura.com\/ca\/wp-json\/wp\/v2\/pages\/6755","targetHints":{"allow":["GET"]}}],"collection":[{"href":"https:\/\/cristinasaura.com\/ca\/wp-json\/wp\/v2\/pages"}],"about":[{"href":"https:\/\/cristinasaura.com\/ca\/wp-json\/wp\/v2\/types\/page"}],"author":[{"embeddable":true,"href":"https:\/\/cristinasaura.com\/ca\/wp-json\/wp\/v2\/users\/3"}],"replies":[{"embeddable":true,"href":"https:\/\/cristinasaura.com\/ca\/wp-json\/wp\/v2\/comments?post=6755"}],"version-history":[{"count":3,"href":"https:\/\/cristinasaura.com\/ca\/wp-json\/wp\/v2\/pages\/6755\/revisions"}],"predecessor-version":[{"id":14112,"href":"https:\/\/cristinasaura.com\/ca\/wp-json\/wp\/v2\/pages\/6755\/revisions\/14112"}],"wp:attachment":[{"href":"https:\/\/cristinasaura.com\/ca\/wp-json\/wp\/v2\/media?parent=6755"}],"curies":[{"name":"wp","href":"https:\/\/api.w.org\/{rel}","templated":true}]}}