{"id":6652,"date":"2018-01-25T08:12:14","date_gmt":"2018-01-25T07:12:14","guid":{"rendered":"https:\/\/cristinasaura.com\/?page_id=6652"},"modified":"2018-09-11T18:09:25","modified_gmt":"2018-09-11T18:09:25","slug":"vestit-de-festa-fedra","status":"publish","type":"page","link":"https:\/\/cristinasaura.com\/ca\/vestit-de-festa-fedra\/","title":{"rendered":"Vestit de festa Fedra"},"content":{"rendered":"<p>[et_pb_section bb_built=&#8221;1&#8243; module_id=&#8221;empezar&#8221; _builder_version=&#8221;3.0.98&#8243; custom_margin=&#8221;0px|0px||0px&#8221; custom_padding=&#8221;0px|0px|5px|0px&#8221; next_background_color=&#8221;#000000&#8243;][et_pb_row use_custom_gutter=&#8221;on&#8221; gutter_width=&#8221;1&#8243; custom_padding=&#8221;0px|0px||0px&#8221; custom_margin=&#8221;0px|0px||0px&#8221; padding_top_1=&#8221;0px&#8221; padding_right_1=&#8221;0px&#8221; padding_left_1=&#8221;0px&#8221; padding_top_2=&#8221;0px&#8221; padding_right_2=&#8221;80px&#8221; padding_left_2=&#8221;80px&#8221; _builder_version=&#8221;3.0.98&#8243; background_size=&#8221;initial&#8221; background_position=&#8221;top_left&#8221; background_repeat=&#8221;repeat&#8221; padding_2_last_edited=&#8221;on|desktop&#8221; padding_2_phone=&#8221;60px|60px||60px&#8221; module_class_2=&#8221;fijo&#8221; make_fullwidth=&#8221;on&#8221; make_equal=&#8221;on&#8221; custom_margin_last_edited=&#8221;on|phone&#8221; padding_1_last_edited=&#8221;on|phone&#8221;][et_pb_column type=&#8221;1_2&#8243;][et_pb_image src=&#8221;http:\/\/cristinasaura.com\/wp-content\/uploads\/2018\/01\/fedra3.jpg&#8221; force_fullwidth=&#8221;on&#8221; _builder_version=&#8221;3.14&#8243; custom_margin=&#8221;|0px||0px&#8221; custom_padding=&#8221;|0px||0px&#8221; alt=&#8221;El cos del vestit festa, que \u00e9s de tall cl\u00e0ssic, perfila amb detall la figura femenina&#8221; title_text=&#8221;El cos del vestit festa, que \u00e9s de tall cl\u00e0ssic, perfila amb detall la figura femenina&#8221; \/][et_pb_image src=&#8221;http:\/\/cristinasaura.com\/wp-content\/uploads\/2018\/01\/fedra1-1.jpg&#8221; title_text=&#8221;La bellesa nua del necessari. Vestit festa Fedra de CRISTINA SAURA.&#8221; force_fullwidth=&#8221;on&#8221; _builder_version=&#8221;3.14&#8243; custom_margin=&#8221;|0px||0px&#8221; custom_padding=&#8221;|0px||0px&#8221; alt=&#8221;La bellesa nua del necessari. Vestit festa Fedra de CRISTINA SAURA.&#8221; \/][et_pb_image src=&#8221;http:\/\/cristinasaura.com\/wp-content\/uploads\/2018\/01\/fedra2.jpg&#8221; title_text=&#8221;Un pronunciat escot en %22V%22 al davanter sobrepassant l&#8217;alt del pit culmina el disseny del femen\u00ed i minimal vestit festa CRISTINA SAURA.&#8221; force_fullwidth=&#8221;on&#8221; _builder_version=&#8221;3.14&#8243; custom_margin=&#8221;|0px||0px&#8221; custom_padding=&#8221;|0px||0px&#8221; alt=&#8221;Un pronunciat escot en %22V%22 al davanter sobrepassant l&#8217;alt del pit culmina el disseny del femen\u00ed i minimal vestit festa CRISTINA SAURA.&#8221; \/][\/et_pb_column][et_pb_column type=&#8221;1_2&#8243;][et_pb_divider admin_label=&#8221;Linea Capital &#8211; Fijo&#8221; _builder_version=&#8221;3.14&#8243; show_divider=&#8221;on&#8221; divider_weight=&#8221;4&#8243; height=&#8221;20px&#8221; color=&#8221;#000000&#8243; max_width=&#8221;50px&#8221; module_alignment=&#8221;left&#8221; custom_margin=&#8221;0px|0px|10px|0px&#8221; custom_padding=&#8221;0px|0px|0px|80px&#8221; custom_padding_phone=&#8221;0px|0px|0px|0px&#8221; custom_padding_last_edited=&#8221;on|desktop&#8221; divider_position=&#8221;center&#8221; custom_margin_last_edited=&#8221;on|phone&#8221; disabled_on=&#8221;on|on|on&#8221; disabled=&#8221;on&#8221; \/][et_pb_text admin_label=&#8221;Letra Capital &#8211; Fijo&#8221; _builder_version=&#8221;3.0.98&#8243; background_layout=&#8221;light&#8221; text_font=&#8221;|300||on|||||&#8221; text_font_size=&#8221;80px&#8221; text_line_height=&#8221;1em&#8221; custom_margin=&#8221;0px|0px|0px|0px&#8221; custom_padding=&#8221;0px|0px|0px|0px&#8221; border_color_all=&#8221;#ffffff&#8221; border_style_all=&#8221;none&#8221; custom_margin_phone=&#8221;-10px|0px|50px|0px&#8221; custom_margin_last_edited=&#8221;on|desktop&#8221; custom_padding_last_edited=&#8221;on|desktop&#8221; header_font_size=&#8221;32px&#8221; disabled_on=&#8221;on|on|on&#8221; disabled=&#8221;on&#8221;]<\/p>\n<p>A<\/p>\n<p>[\/et_pb_text][et_pb_text admin_label=&#8221;Titulo y texto &#8211; Fijo&#8221; _builder_version=&#8221;3.14&#8243; text_font=&#8221;|300|||||||&#8221; header_font=&#8221;|300||on|||||&#8221; header_2_font=&#8221;|300|||||||&#8221; header_3_font=&#8221;|300|||||||&#8221; header_4_font=&#8221;|300|||||||&#8221; header_5_font=&#8221;|300|||||||&#8221; header_6_font=&#8221;|300|||||||&#8221; custom_margin=&#8221;0px|0px|0px|0px&#8221; custom_padding=&#8221;0px|0px|0px|80px&#8221; background_layout=&#8221;light&#8221; custom_margin_last_edited=&#8221;on|phone&#8221; custom_padding_phone=&#8221;0px|0px|0px|0px&#8221; custom_padding_last_edited=&#8221;on|phone&#8221; header_font_size=&#8221;28px&#8221; disabled_on=&#8221;on|on|on&#8221; disabled=&#8221;on&#8221;]<\/p>\n<h1>Fedra<\/h1>\n<p style=\"text-align: center;\">Fedra es una pieza de estilo cl\u00e1sico, con escote en V y manga larga, que define la silueta femenina sin renunciar al m\u00e1ximo volumen en el bajo de la falda.<\/p>\n<p>[\/et_pb_text][et_pb_text admin_label=&#8221;linea y letra capital mas texto&#8221; _builder_version=&#8221;3.14&#8243; text_font=&#8221;|300|||||||&#8221; header_font=&#8221;|300||on|||||&#8221; header_2_font=&#8221;|300|||||||&#8221; header_3_font=&#8221;|300|||||||&#8221; header_4_font=&#8221;|300|||||||&#8221; header_5_font=&#8221;|300|||||||&#8221; header_6_font=&#8221;|300|||||||&#8221; custom_margin_last_edited=&#8221;off|phone&#8221; custom_padding_last_edited=&#8221;off|desktop&#8221; header_font_size=&#8221;28px&#8221; module_class=&#8221;todo-fijo&#8221; saved_tabs=&#8221;all&#8221;]<\/p>\n<div>\n<p class=\"filete\"><span><\/span><\/p>\n<\/div>\n<div class=\"capital\">\n<p>F<\/p>\n<\/div>\n<div class=\"bloque-capital\">\n<h1>Fedra<\/h1>\n<p style=\"text-align: center;\">Fedra \u00e9s una pe\u00e7a d&#8217;estil cl\u00e0ssic, amb escot en V i m\u00e0niga llarga, que defineix la silueta femenina sense renunciar al m\u00e0xim volum en el baix de la faldilla.<\/p>\n<\/div>\n<p>[\/et_pb_text][\/et_pb_column][\/et_pb_row][\/et_pb_section][et_pb_section bb_built=&#8221;1&#8243; custom_padding_last_edited=&#8221;off|phone&#8221; _builder_version=&#8221;3.0.106&#8243; max_width_tablet=&#8221;70%&#8221; max_width_phone=&#8221;90%&#8221; max_width_last_edited=&#8221;off|phone&#8221; custom_margin=&#8221;0px|||&#8221; custom_padding=&#8221;0px|||&#8221; prev_background_color=&#8221;#000000&#8243;][et_pb_row use_custom_width=&#8221;on&#8221; custom_width_px=&#8221;780px&#8221; custom_padding=&#8221;57px|||&#8221; disabled_on=&#8221;off|off|off&#8221; _builder_version=&#8221;3.0.101&#8243;][et_pb_column type=&#8221;4_4&#8243;][et_pb_divider admin_label=&#8221;Linea Capital &#8211; 82 \/ 4&#8243; color=&#8221;#000000&#8243; divider_position=&#8221;center&#8221; divider_weight=&#8221;4&#8243; height=&#8221;20px&#8221; _builder_version=&#8221;3.14&#8243; max_width=&#8221;50px&#8221; module_alignment=&#8221;left&#8221; custom_margin_last_edited=&#8221;on|desktop&#8221; custom_padding_last_edited=&#8221;on|desktop&#8221; \/][et_pb_text admin_label=&#8221;texto capital&#8221; _builder_version=&#8221;3.14&#8243; text_font=&#8221;|300|||||||&#8221; text_line_height=&#8221;1.6em&#8221; header_2_font=&#8221;|300|||||||&#8221; header_3_font=&#8221;|300|||||||&#8221; header_4_font=&#8221;|300|||||||&#8221; header_5_font=&#8221;|300|||||||&#8221; header_6_font=&#8221;|300|||||||&#8221; custom_margin_last_edited=&#8221;on|desktop&#8221; custom_padding_last_edited=&#8221;on|desktop&#8221;]<\/p>\n<p style=\"text-align: center;\"><a href=\"https:\/\/cristinasaura.com\/ca\/com-vaig-fer-fedra-alta-costura\/\">En aquesta ocasi\u00f3<\/a> volia treballar un patr\u00f3 de capa que no s\u00f2l fer servir perqu\u00e8 no \u00e9s afavoridor en l\u00ednies generals. Infla malucs on no n&#8217;hi ha i on n&#8217;hi ha retreu m\u00e9s b\u00e9. <\/p>\n<p style=\"text-align: center;\"> Vaig resoldre incloure en el seu tra\u00e7at plecs que en tancar a 24 cent\u00edmetres de la cintura dibuixessin la suggerent l\u00ednia que recorre des de la cintura fins al maluc, i reduint novament 6 cent\u00edmetres m\u00e9s a la recerca del cuixa. <\/p>\n<p style=\"text-align: center;\"> Ser\u00e0 imprescindible ser precisa en la seva construcci\u00f3 per tancar-los tots per igual i tallar la pe\u00e7a despr\u00e9s amb un teixit que faciliti, si \u00e9s possible, la manipulaci\u00f3 de la seva confecci\u00f3, at\u00e8s que es tracta d&#8217;un volum considerable, i que, d&#8217;altra banda, est\u00e8ticament resulti prou bell perqu\u00e8 estigui a l&#8217;altura de l&#8217;esfor\u00e7. <\/p>\n<p style=\"text-align: center;\"> El cos del vestit, que \u00e9s de tall cl\u00e0ssic acompanya el tra\u00e7at de la faldilla donant continu\u00eftat a cada plec amb una costura, perfilant amb detall la figura femenina. Tantes taules com t\u00e9 la faldilla t\u00e9 de peces de costadillo el cos, que s\u00f3n 12. <\/p>\n<p style=\"text-align: center;\"> Com m\u00e9s l\u00ednies dibuixen la cintura, en aquest cas, millor puc fer que sent. Cada costura \u00e9s una oportunitat per definir el bust de la dona; en el davanter, l&#8217;esquerda que precedeix l&#8217;alt del pit, la corba convexa que segueix, el contorn del t\u00f2rax sota el pit fins arribar a la cintura, ia l&#8217;esquena el subtil arc que s&#8217;endevina des de la base del coll i esc\u00e0pula fins la zona lumbar. <\/p>\n<p style=\"text-align: center;\"> A la recerca d&#8217;una l\u00ednia tradicional, projecte una espatlla recte, net. Segueix una estudiada sisa que alberg el bra\u00e7 i la seva lliure gest de manera natural. De la precisi\u00f3 del tra\u00e7at dependr\u00e0 la perfecci\u00f3 i harmonia de la seva corresponent m\u00e0niga. <\/p>\n<p style=\"text-align: center;\"> <strong> M&#8217;atrau poderosament la bellesa nua del necessari.<\/strong><\/p>\n<p style=\"text-align: center;\"> I un cop delimitada la situaci\u00f3 i recorregut de la cisa en el cos del meu patr\u00f3 d&#8217;Alta Costura, va determinar la seva m\u00e0niga.<br \/>\nLa peculiar forma i recorregut de la seva abiesada copa, els seus 2 costures reproduint la semiflexi\u00f3 del bra\u00e7 pendent i el seu contorn suficient redundaran en confort i bellesa. <\/p>\n<p style=\"text-align: center;\"> Un pronunciat escot en &#8220;V&#8221; al davanter sobrepassant l&#8217;alt del pit culmina el disseny del femen\u00ed i minimal cos. <\/p>\n<p>[\/et_pb_text][\/et_pb_column][\/et_pb_row][\/et_pb_section]<\/p>\n","protected":false},"excerpt":{"rendered":"<p>A Fedra Fedra es una pieza de estilo cl\u00e1sico, con escote en V y manga larga, que define la silueta femenina sin renunciar al m\u00e1ximo volumen en el bajo de la falda. F Fedra Fedra \u00e9s una pe\u00e7a d&#8217;estil cl\u00e0ssic, amb escot en V i m\u00e0niga llarga, que defineix la silueta femenina sense renunciar al [&hellip;]<\/p>\n","protected":false},"author":3,"featured_media":0,"parent":0,"menu_order":0,"comment_status":"closed","ping_status":"closed","template":"page-product.php","meta":{"_et_pb_use_builder":"on","_et_pb_old_content":"","_et_gb_content_width":"","footnotes":""},"class_list":["post-6652","page","type-page","status-publish","hentry"],"yoast_head":"<!-- This site is optimized with the Yoast SEO plugin v26.9 - https:\/\/yoast.com\/product\/yoast-seo-wordpress\/ -->\n<title>Vestit de festa Fedra - Cristina Saura<\/title>\n<meta name=\"description\" content=\"Me atrae poderosamente la belleza desnuda de lo necesario. El cuerpo del vestido fiesta Fedra, de corte cl\u00e1sico, acompa\u00f1a el trazado de la falda dando continuidad a cada pliegue con una costura, perfilando con detalle la figura femenina.\" \/>\n<meta name=\"robots\" content=\"index, follow, max-snippet:-1, max-image-preview:large, max-video-preview:-1\" \/>\n<link rel=\"canonical\" href=\"https:\/\/cristinasaura.com\/ca\/vestit-de-festa-fedra\/\" \/>\n<meta property=\"og:locale\" content=\"ca_ES\" \/>\n<meta property=\"og:type\" content=\"article\" \/>\n<meta property=\"og:title\" content=\"Vestit de festa Fedra - Cristina Saura\" \/>\n<meta property=\"og:description\" content=\"Me atrae poderosamente la belleza desnuda de lo necesario. El cuerpo del vestido fiesta Fedra, de corte cl\u00e1sico, acompa\u00f1a el trazado de la falda dando continuidad a cada pliegue con una costura, perfilando con detalle la figura femenina.\" \/>\n<meta property=\"og:url\" content=\"https:\/\/cristinasaura.com\/ca\/vestit-de-festa-fedra\/\" \/>\n<meta property=\"og:site_name\" content=\"Cristina Saura\" \/>\n<meta property=\"article:publisher\" content=\"https:\/\/www.facebook.com\/cristinasaurabarcelona\/\" \/>\n<meta property=\"article:modified_time\" content=\"2018-09-11T18:09:25+00:00\" \/>\n<meta name=\"twitter:card\" content=\"summary_large_image\" \/>\n<meta name=\"twitter:site\" content=\"@cristinasabcn\" \/>\n<meta name=\"twitter:label1\" content=\"Temps estimat de lectura\" \/>\n\t<meta name=\"twitter:data1\" content=\"6 minuts\" \/>\n<script type=\"application\/ld+json\" class=\"yoast-schema-graph\">{\"@context\":\"https:\/\/schema.org\",\"@graph\":[{\"@type\":\"WebPage\",\"@id\":\"https:\/\/cristinasaura.com\/ca\/vestit-de-festa-fedra\/\",\"url\":\"https:\/\/cristinasaura.com\/ca\/vestit-de-festa-fedra\/\",\"name\":\"Vestit de festa Fedra - Cristina Saura\",\"isPartOf\":{\"@id\":\"https:\/\/cristinasaura.com\/#website\"},\"datePublished\":\"2018-01-25T07:12:14+00:00\",\"dateModified\":\"2018-09-11T18:09:25+00:00\",\"description\":\"Me atrae poderosamente la belleza desnuda de lo necesario. El cuerpo del vestido fiesta Fedra, de corte cl\u00e1sico, acompa\u00f1a el trazado de la falda dando continuidad a cada pliegue con una costura, perfilando con detalle la figura femenina.\",\"breadcrumb\":{\"@id\":\"https:\/\/cristinasaura.com\/ca\/vestit-de-festa-fedra\/#breadcrumb\"},\"inLanguage\":\"ca\",\"potentialAction\":[{\"@type\":\"ReadAction\",\"target\":[\"https:\/\/cristinasaura.com\/ca\/vestit-de-festa-fedra\/\"]}]},{\"@type\":\"BreadcrumbList\",\"@id\":\"https:\/\/cristinasaura.com\/ca\/vestit-de-festa-fedra\/#breadcrumb\",\"itemListElement\":[{\"@type\":\"ListItem\",\"position\":1,\"name\":\"Portada\",\"item\":\"https:\/\/cristinasaura.com\/ca\/\"},{\"@type\":\"ListItem\",\"position\":2,\"name\":\"Vestit de festa Fedra\"}]},{\"@type\":\"WebSite\",\"@id\":\"https:\/\/cristinasaura.com\/#website\",\"url\":\"https:\/\/cristinasaura.com\/\",\"name\":\"Cristina Saura\",\"description\":\"Dise\u00f1adora de vestidos de novia y fiesta de Alta Costura en Barcelona\",\"publisher\":{\"@id\":\"https:\/\/cristinasaura.com\/#organization\"},\"potentialAction\":[{\"@type\":\"SearchAction\",\"target\":{\"@type\":\"EntryPoint\",\"urlTemplate\":\"https:\/\/cristinasaura.com\/?s={search_term_string}\"},\"query-input\":{\"@type\":\"PropertyValueSpecification\",\"valueRequired\":true,\"valueName\":\"search_term_string\"}}],\"inLanguage\":\"ca\"},{\"@type\":\"Organization\",\"@id\":\"https:\/\/cristinasaura.com\/#organization\",\"name\":\"CRISTINA SAURA\",\"url\":\"https:\/\/cristinasaura.com\/\",\"logo\":{\"@type\":\"ImageObject\",\"inLanguage\":\"ca\",\"@id\":\"https:\/\/cristinasaura.com\/#\/schema\/logo\/image\/\",\"url\":\"http:\/\/cristinasaura.com\/wp-content\/uploads\/2017\/12\/cristina-saura-logo.png\",\"contentUrl\":\"http:\/\/cristinasaura.com\/wp-content\/uploads\/2017\/12\/cristina-saura-logo.png\",\"width\":687,\"height\":293,\"caption\":\"CRISTINA SAURA\"},\"image\":{\"@id\":\"https:\/\/cristinasaura.com\/#\/schema\/logo\/image\/\"},\"sameAs\":[\"https:\/\/www.facebook.com\/cristinasaurabarcelona\/\",\"https:\/\/x.com\/cristinasabcn\",\"https:\/\/www.instagram.com\/cristinasaurabcn\/\",\"https:\/\/www.pinterest.es\/designercsaura\/\"]}]}<\/script>\n<!-- \/ Yoast SEO plugin. -->","yoast_head_json":{"title":"Vestit de festa Fedra - Cristina Saura","description":"Me atrae poderosamente la belleza desnuda de lo necesario. El cuerpo del vestido fiesta Fedra, de corte cl\u00e1sico, acompa\u00f1a el trazado de la falda dando continuidad a cada pliegue con una costura, perfilando con detalle la figura femenina.","robots":{"index":"index","follow":"follow","max-snippet":"max-snippet:-1","max-image-preview":"max-image-preview:large","max-video-preview":"max-video-preview:-1"},"canonical":"https:\/\/cristinasaura.com\/ca\/vestit-de-festa-fedra\/","og_locale":"ca_ES","og_type":"article","og_title":"Vestit de festa Fedra - Cristina Saura","og_description":"Me atrae poderosamente la belleza desnuda de lo necesario. El cuerpo del vestido fiesta Fedra, de corte cl\u00e1sico, acompa\u00f1a el trazado de la falda dando continuidad a cada pliegue con una costura, perfilando con detalle la figura femenina.","og_url":"https:\/\/cristinasaura.com\/ca\/vestit-de-festa-fedra\/","og_site_name":"Cristina Saura","article_publisher":"https:\/\/www.facebook.com\/cristinasaurabarcelona\/","article_modified_time":"2018-09-11T18:09:25+00:00","twitter_card":"summary_large_image","twitter_site":"@cristinasabcn","twitter_misc":{"Temps estimat de lectura":"6 minuts"},"schema":{"@context":"https:\/\/schema.org","@graph":[{"@type":"WebPage","@id":"https:\/\/cristinasaura.com\/ca\/vestit-de-festa-fedra\/","url":"https:\/\/cristinasaura.com\/ca\/vestit-de-festa-fedra\/","name":"Vestit de festa Fedra - Cristina Saura","isPartOf":{"@id":"https:\/\/cristinasaura.com\/#website"},"datePublished":"2018-01-25T07:12:14+00:00","dateModified":"2018-09-11T18:09:25+00:00","description":"Me atrae poderosamente la belleza desnuda de lo necesario. El cuerpo del vestido fiesta Fedra, de corte cl\u00e1sico, acompa\u00f1a el trazado de la falda dando continuidad a cada pliegue con una costura, perfilando con detalle la figura femenina.","breadcrumb":{"@id":"https:\/\/cristinasaura.com\/ca\/vestit-de-festa-fedra\/#breadcrumb"},"inLanguage":"ca","potentialAction":[{"@type":"ReadAction","target":["https:\/\/cristinasaura.com\/ca\/vestit-de-festa-fedra\/"]}]},{"@type":"BreadcrumbList","@id":"https:\/\/cristinasaura.com\/ca\/vestit-de-festa-fedra\/#breadcrumb","itemListElement":[{"@type":"ListItem","position":1,"name":"Portada","item":"https:\/\/cristinasaura.com\/ca\/"},{"@type":"ListItem","position":2,"name":"Vestit de festa Fedra"}]},{"@type":"WebSite","@id":"https:\/\/cristinasaura.com\/#website","url":"https:\/\/cristinasaura.com\/","name":"Cristina Saura","description":"Dise\u00f1adora de vestidos de novia y fiesta de Alta Costura en Barcelona","publisher":{"@id":"https:\/\/cristinasaura.com\/#organization"},"potentialAction":[{"@type":"SearchAction","target":{"@type":"EntryPoint","urlTemplate":"https:\/\/cristinasaura.com\/?s={search_term_string}"},"query-input":{"@type":"PropertyValueSpecification","valueRequired":true,"valueName":"search_term_string"}}],"inLanguage":"ca"},{"@type":"Organization","@id":"https:\/\/cristinasaura.com\/#organization","name":"CRISTINA SAURA","url":"https:\/\/cristinasaura.com\/","logo":{"@type":"ImageObject","inLanguage":"ca","@id":"https:\/\/cristinasaura.com\/#\/schema\/logo\/image\/","url":"http:\/\/cristinasaura.com\/wp-content\/uploads\/2017\/12\/cristina-saura-logo.png","contentUrl":"http:\/\/cristinasaura.com\/wp-content\/uploads\/2017\/12\/cristina-saura-logo.png","width":687,"height":293,"caption":"CRISTINA SAURA"},"image":{"@id":"https:\/\/cristinasaura.com\/#\/schema\/logo\/image\/"},"sameAs":["https:\/\/www.facebook.com\/cristinasaurabarcelona\/","https:\/\/x.com\/cristinasabcn","https:\/\/www.instagram.com\/cristinasaurabcn\/","https:\/\/www.pinterest.es\/designercsaura\/"]}]}},"_links":{"self":[{"href":"https:\/\/cristinasaura.com\/ca\/wp-json\/wp\/v2\/pages\/6652","targetHints":{"allow":["GET"]}}],"collection":[{"href":"https:\/\/cristinasaura.com\/ca\/wp-json\/wp\/v2\/pages"}],"about":[{"href":"https:\/\/cristinasaura.com\/ca\/wp-json\/wp\/v2\/types\/page"}],"author":[{"embeddable":true,"href":"https:\/\/cristinasaura.com\/ca\/wp-json\/wp\/v2\/users\/3"}],"replies":[{"embeddable":true,"href":"https:\/\/cristinasaura.com\/ca\/wp-json\/wp\/v2\/comments?post=6652"}],"version-history":[{"count":0,"href":"https:\/\/cristinasaura.com\/ca\/wp-json\/wp\/v2\/pages\/6652\/revisions"}],"wp:attachment":[{"href":"https:\/\/cristinasaura.com\/ca\/wp-json\/wp\/v2\/media?parent=6652"}],"curies":[{"name":"wp","href":"https:\/\/api.w.org\/{rel}","templated":true}]}}