{"id":6638,"date":"2018-01-26T17:44:14","date_gmt":"2018-01-26T16:44:14","guid":{"rendered":"https:\/\/cristinasaura.com\/?page_id=6638"},"modified":"2018-09-11T18:09:25","modified_gmt":"2018-09-11T18:09:25","slug":"vestits-festa","status":"publish","type":"page","link":"https:\/\/cristinasaura.com\/ca\/vestits-festa\/","title":{"rendered":"Vestit de festa Ariel"},"content":{"rendered":"<p>[et_pb_section bb_built=&#8221;1&#8243; module_id=&#8221;empezar&#8221; _builder_version=&#8221;3.0.98&#8243; custom_margin=&#8221;0px|0px||0px&#8221; custom_padding=&#8221;0px|0px|5px|0px&#8221; next_background_color=&#8221;#000000&#8243;][et_pb_row use_custom_gutter=&#8221;on&#8221; gutter_width=&#8221;1&#8243; custom_padding=&#8221;0px|0px||0px&#8221; custom_margin=&#8221;0px|0px||0px&#8221; padding_top_1=&#8221;0px&#8221; padding_right_1=&#8221;0px&#8221; padding_left_1=&#8221;0px&#8221; padding_top_2=&#8221;0px&#8221; padding_right_2=&#8221;80px&#8221; padding_left_2=&#8221;80px&#8221; _builder_version=&#8221;3.0.106&#8243; background_size=&#8221;initial&#8221; background_position=&#8221;top_left&#8221; background_repeat=&#8221;repeat&#8221; padding_2_last_edited=&#8221;on|desktop&#8221; padding_2_phone=&#8221;60px|60px||60px&#8221; module_class_2=&#8221;fijo&#8221; make_fullwidth=&#8221;on&#8221; make_equal=&#8221;on&#8221; custom_margin_last_edited=&#8221;on|phone&#8221; padding_1_last_edited=&#8221;on|phone&#8221; padding_bottom_2=&#8221;80px&#8221;][et_pb_column type=&#8221;1_2&#8243;][et_pb_image src=&#8221;http:\/\/cristinasaura.com\/wp-content\/uploads\/2018\/01\/ariel1-1.jpg&#8221; title_text=&#8221;Vestit de Festa Ariel. Alta Costura.&#8221; force_fullwidth=&#8221;on&#8221; _builder_version=&#8221;3.14&#8243; custom_margin=&#8221;|0px||0px&#8221; custom_padding=&#8221;|0px||0px&#8221; alt=&#8221;Ariel \u00e9s un disseny d&#8217;Alta Costura de la col\u00b7lecci\u00f3 Vestits de Festa que signa CRISTINA SAURA. S&#8217;elabora en crep set\u00ed de seda a suggerent vermell.&#8221; \/][et_pb_image src=&#8221;http:\/\/cristinasaura.com\/wp-content\/uploads\/2018\/01\/ariel2-1.jpg&#8221; title_text=&#8221;Detall esquena Ariel. Vestits de Festa Alta Costura CRISTINA SAURA&#8221; force_fullwidth=&#8221;on&#8221; _builder_version=&#8221;3.14&#8243; custom_margin=&#8221;|0px||0px&#8221; custom_padding=&#8221;|0px||0px&#8221; alt=&#8221;Suggerent escot a l&#8217;esquena d&#8217;Ariel; un disseny d&#8217;Alta Costura de la col\u00b7lecci\u00f3 de Vestits de Festa d&#8217;CRISTINA SAURA.&#8221; \/][et_pb_image src=&#8221;http:\/\/cristinasaura.com\/wp-content\/uploads\/2018\/01\/gracia1.jpg&#8221; title_text=&#8221;Titulo de la imagen&#8221; force_fullwidth=&#8221;on&#8221; _builder_version=&#8221;3.0.98&#8243; custom_margin=&#8221;|0px||0px&#8221; custom_padding=&#8221;|0px||0px&#8221; show_in_lightbox=&#8221;off&#8221; url_new_window=&#8221;off&#8221; use_overlay=&#8221;off&#8221; always_center_on_mobile=&#8221;on&#8221; show_bottom_space=&#8221;on&#8221; disabled_on=&#8221;on|on|on&#8221; disabled=&#8221;on&#8221; \/][\/et_pb_column][et_pb_column type=&#8221;1_2&#8243;][et_pb_text admin_label=&#8221;linea y letra capital mas texto&#8221; _builder_version=&#8221;3.14&#8243; text_font=&#8221;|300|||||||&#8221; header_font=&#8221;|300||on|||||&#8221; header_2_font=&#8221;|300|||||||&#8221; header_3_font=&#8221;|300|||||||&#8221; header_4_font=&#8221;|300|||||||&#8221; header_5_font=&#8221;|300|||||||&#8221; header_6_font=&#8221;|300|||||||&#8221; custom_margin_last_edited=&#8221;off|phone&#8221; custom_padding_last_edited=&#8221;off|desktop&#8221; header_font_size=&#8221;28px&#8221; module_class=&#8221;todo-fijo&#8221; saved_tabs=&#8221;all&#8221;]<\/p>\n<div>\n<p class=\"filete\"><span><\/span><\/p>\n<\/div>\n<div class=\"capital\">\n<p>A<\/p>\n<\/div>\n<div class=\"bloque-capital\">\n<h1>Ariel<\/h1>\n<p style=\"text-align: center;\">Ariel \u00e9s un vestit de festa de l\u00ednia minimalista i estil sofisticat, dissenyat per a festes o esdeveniments assenyalats. Hi predomina en aquesta pe\u00e7a, una id\u00f2nia distribuci\u00f3 de volums que atorguen protagonisme al cos, amb escot en V, tirants i nu parcial de l&#8217;esquena, mentre la faldilla, d&#8217;hechura continguda, queda creuada. Tots els seus acabats es realitzen a m\u00e0.<\/p>\n<\/div>\n<p>[\/et_pb_text][\/et_pb_column][\/et_pb_row][\/et_pb_section][et_pb_section bb_built=&#8221;1&#8243; custom_padding_last_edited=&#8221;off|phone&#8221; _builder_version=&#8221;3.0.106&#8243; max_width_tablet=&#8221;70%&#8221; max_width_phone=&#8221;90%&#8221; max_width_last_edited=&#8221;off|phone&#8221; custom_margin=&#8221;0px|||&#8221; custom_padding=&#8221;0px|||&#8221; prev_background_color=&#8221;#000000&#8243; disabled_on=&#8221;off|off|off&#8221; disabled=&#8221;off&#8221;][et_pb_row use_custom_width=&#8221;on&#8221; custom_width_px=&#8221;780px&#8221; custom_padding=&#8221;57px|||&#8221; disabled_on=&#8221;off|off|off&#8221; _builder_version=&#8221;3.0.101&#8243;][et_pb_column type=&#8221;4_4&#8243;][et_pb_divider admin_label=&#8221;Linea Capital &#8211; 82 \/ 4&#8243; color=&#8221;#000000&#8243; show_divider=&#8221;on&#8221; divider_position=&#8221;center&#8221; divider_weight=&#8221;4&#8243; height=&#8221;20px&#8221; _builder_version=&#8221;3.0.106&#8243; max_width=&#8221;50px&#8221; module_alignment=&#8221;left&#8221; custom_margin_last_edited=&#8221;on|desktop&#8221; custom_padding_last_edited=&#8221;on|desktop&#8221; \/][et_pb_text admin_label=&#8221;texto capital&#8221; _builder_version=&#8221;3.14&#8243; text_font=&#8221;|300|||||||&#8221; text_line_height=&#8221;1.6em&#8221; header_2_font=&#8221;|300|||||||&#8221; header_3_font=&#8221;|300|||||||&#8221; header_4_font=&#8221;|300|||||||&#8221; header_5_font=&#8221;|300|||||||&#8221; header_6_font=&#8221;|300|||||||&#8221; custom_margin_last_edited=&#8221;on|desktop&#8221; custom_padding_last_edited=&#8221;on|desktop&#8221;]<\/p>\n<h2>VESTITS FESTA<\/h2>\n<p style=\"text-align: center;\">Ariel \u00e9s un disseny de la col\u00b7lecci\u00f3 de vestits festa que es caracteritza per la seva for\u00e7a expressiva.<br \/>\nSofisticaci\u00f3 \u00e9s la paraula que defineix el seu estil, i \u00e9s conseq\u00fc\u00e8ncia de la seva cort expert, per\u00f2 tamb\u00e9 minimalisme, per la neteja en la seva l\u00ednia estructural i la precisi\u00f3 dels seus acabats artesanals, que s&#8217;observen a cop de vista.<br \/>\nSumem a aix\u00f2 la vehem\u00e8ncia del color vermell set\u00ed i l&#8217;aplom d&#8217;un article noble com el crep.<br \/>\n\u00c9s apropiat lluir aquest vestit en un esdeveniment de tarda o nit tant en \u00e8poca d&#8217;estiu com a l&#8217;hivern, i acompanyat d&#8217;una pe\u00e7a d&#8217;abric de llarg tres quarts en aquesta \u00faltima.<br \/>\nEn ambd\u00f3s casos, cal\u00e7ar unes sand\u00e0lies de l\u00ednia sal\u00f3, resulten el complement perfecte d&#8217;aquest suggerent look.<br \/>\nAriel desperta l&#8217;inter\u00e8s per l&#8217;exclusivitat de la seva <a href=\"https:\/\/cristinasaura.com\/ca\/vestit-de-nuvia-ariel\/\"> disseny original <\/a> i \u00e9s idoni per a tu que et pots permetre prescindir de la sustentaci\u00f3 i tens unes espatlles atractius.<br \/>\nEt convido a que t&#8217;imaginis vestint el vestit de festa Ariel: resulta agradable el seu tacte, es mou amb tu quan camines zarande\u00e1ndose delicadament el cos ablusado que penja dels tirants, mentre la faldilla s&#8217;obre sensualment a cada un dels teus passos deixant entreveure les cames i lluir les teves sand\u00e0lies.<br \/>\nNo passar\u00e0s desapercebuda amb ell, dir\u00e0s l&#8217;atenci\u00f3 per la seva contundent pres\u00e8ncia i captar\u00e1s les mirades en el nu de la teva esquena sobre la cintura.<\/p>\n<p>[\/et_pb_text][\/et_pb_column][\/et_pb_row][\/et_pb_section]<\/p>\n","protected":false},"excerpt":{"rendered":"<p>A Ariel Ariel \u00e9s un vestit de festa de l\u00ednia minimalista i estil sofisticat, dissenyat per a festes o esdeveniments assenyalats. Hi predomina en aquesta pe\u00e7a, una id\u00f2nia distribuci\u00f3 de volums que atorguen protagonisme al cos, amb escot en V, tirants i nu parcial de l&#8217;esquena, mentre la faldilla, d&#8217;hechura continguda, queda creuada. Tots els [&hellip;]<\/p>\n","protected":false},"author":3,"featured_media":0,"parent":0,"menu_order":0,"comment_status":"closed","ping_status":"closed","template":"page-product.php","meta":{"_et_pb_use_builder":"on","_et_pb_old_content":"","_et_gb_content_width":"","footnotes":""},"class_list":["post-6638","page","type-page","status-publish","hentry"],"yoast_head":"<!-- This site is optimized with the Yoast SEO plugin v26.9 - https:\/\/yoast.com\/product\/yoast-seo-wordpress\/ -->\n<title>Vestidos fiesta CRISTINA SAURA. Sofisticaci\u00f3n, exclusividad y artesan\u00eda.<\/title>\n<meta name=\"description\" content=\"En la col\u00b7lecci\u00f3 de Vestits Festa d&#039;Alta Costura de CRISTINA SAURA es troba Ariel, un disseny minimalista d&#039;estil sofisticat. Una original distribuci\u00f3 de volums atorguen protagonisme al cos, amb escot en V, tirants i nu parcial de l&#039;esquena.\" \/>\n<meta name=\"robots\" content=\"index, follow, max-snippet:-1, max-image-preview:large, max-video-preview:-1\" \/>\n<link rel=\"canonical\" href=\"https:\/\/cristinasaura.com\/ca\/vestits-festa\/\" \/>\n<meta property=\"og:locale\" content=\"ca_ES\" \/>\n<meta property=\"og:type\" content=\"article\" \/>\n<meta property=\"og:title\" content=\"Vestidos fiesta CRISTINA SAURA. Sofisticaci\u00f3n, exclusividad y artesan\u00eda.\" \/>\n<meta property=\"og:description\" content=\"En la col\u00b7lecci\u00f3 de Vestits Festa d&#039;Alta Costura de CRISTINA SAURA es troba Ariel, un disseny minimalista d&#039;estil sofisticat. Una original distribuci\u00f3 de volums atorguen protagonisme al cos, amb escot en V, tirants i nu parcial de l&#039;esquena.\" \/>\n<meta property=\"og:url\" content=\"https:\/\/cristinasaura.com\/ca\/vestits-festa\/\" \/>\n<meta property=\"og:site_name\" content=\"Cristina Saura\" \/>\n<meta property=\"article:publisher\" content=\"https:\/\/www.facebook.com\/cristinasaurabarcelona\/\" \/>\n<meta property=\"article:modified_time\" content=\"2018-09-11T18:09:25+00:00\" \/>\n<meta name=\"twitter:card\" content=\"summary_large_image\" \/>\n<meta name=\"twitter:site\" content=\"@cristinasabcn\" \/>\n<meta name=\"twitter:label1\" content=\"Temps estimat de lectura\" \/>\n\t<meta name=\"twitter:data1\" content=\"4 minuts\" \/>\n<script type=\"application\/ld+json\" class=\"yoast-schema-graph\">{\"@context\":\"https:\/\/schema.org\",\"@graph\":[{\"@type\":\"WebPage\",\"@id\":\"https:\/\/cristinasaura.com\/ca\/vestits-festa\/\",\"url\":\"https:\/\/cristinasaura.com\/ca\/vestits-festa\/\",\"name\":\"Vestidos fiesta CRISTINA SAURA. Sofisticaci\u00f3n, exclusividad y artesan\u00eda.\",\"isPartOf\":{\"@id\":\"https:\/\/cristinasaura.com\/#website\"},\"datePublished\":\"2018-01-26T16:44:14+00:00\",\"dateModified\":\"2018-09-11T18:09:25+00:00\",\"description\":\"En la col\u00b7lecci\u00f3 de Vestits Festa d'Alta Costura de CRISTINA SAURA es troba Ariel, un disseny minimalista d'estil sofisticat. Una original distribuci\u00f3 de volums atorguen protagonisme al cos, amb escot en V, tirants i nu parcial de l'esquena.\",\"breadcrumb\":{\"@id\":\"https:\/\/cristinasaura.com\/ca\/vestits-festa\/#breadcrumb\"},\"inLanguage\":\"ca\",\"potentialAction\":[{\"@type\":\"ReadAction\",\"target\":[\"https:\/\/cristinasaura.com\/ca\/vestits-festa\/\"]}]},{\"@type\":\"BreadcrumbList\",\"@id\":\"https:\/\/cristinasaura.com\/ca\/vestits-festa\/#breadcrumb\",\"itemListElement\":[{\"@type\":\"ListItem\",\"position\":1,\"name\":\"Portada\",\"item\":\"https:\/\/cristinasaura.com\/ca\/\"},{\"@type\":\"ListItem\",\"position\":2,\"name\":\"Vestit de festa Ariel\"}]},{\"@type\":\"WebSite\",\"@id\":\"https:\/\/cristinasaura.com\/#website\",\"url\":\"https:\/\/cristinasaura.com\/\",\"name\":\"Cristina Saura\",\"description\":\"Dise\u00f1adora de vestidos de novia y fiesta de Alta Costura en Barcelona\",\"publisher\":{\"@id\":\"https:\/\/cristinasaura.com\/#organization\"},\"potentialAction\":[{\"@type\":\"SearchAction\",\"target\":{\"@type\":\"EntryPoint\",\"urlTemplate\":\"https:\/\/cristinasaura.com\/?s={search_term_string}\"},\"query-input\":{\"@type\":\"PropertyValueSpecification\",\"valueRequired\":true,\"valueName\":\"search_term_string\"}}],\"inLanguage\":\"ca\"},{\"@type\":\"Organization\",\"@id\":\"https:\/\/cristinasaura.com\/#organization\",\"name\":\"CRISTINA SAURA\",\"url\":\"https:\/\/cristinasaura.com\/\",\"logo\":{\"@type\":\"ImageObject\",\"inLanguage\":\"ca\",\"@id\":\"https:\/\/cristinasaura.com\/#\/schema\/logo\/image\/\",\"url\":\"http:\/\/cristinasaura.com\/wp-content\/uploads\/2017\/12\/cristina-saura-logo.png\",\"contentUrl\":\"http:\/\/cristinasaura.com\/wp-content\/uploads\/2017\/12\/cristina-saura-logo.png\",\"width\":687,\"height\":293,\"caption\":\"CRISTINA SAURA\"},\"image\":{\"@id\":\"https:\/\/cristinasaura.com\/#\/schema\/logo\/image\/\"},\"sameAs\":[\"https:\/\/www.facebook.com\/cristinasaurabarcelona\/\",\"https:\/\/x.com\/cristinasabcn\",\"https:\/\/www.instagram.com\/cristinasaurabcn\/\",\"https:\/\/www.pinterest.es\/designercsaura\/\"]}]}<\/script>\n<!-- \/ Yoast SEO plugin. -->","yoast_head_json":{"title":"Vestidos fiesta CRISTINA SAURA. Sofisticaci\u00f3n, exclusividad y artesan\u00eda.","description":"En la col\u00b7lecci\u00f3 de Vestits Festa d'Alta Costura de CRISTINA SAURA es troba Ariel, un disseny minimalista d'estil sofisticat. Una original distribuci\u00f3 de volums atorguen protagonisme al cos, amb escot en V, tirants i nu parcial de l'esquena.","robots":{"index":"index","follow":"follow","max-snippet":"max-snippet:-1","max-image-preview":"max-image-preview:large","max-video-preview":"max-video-preview:-1"},"canonical":"https:\/\/cristinasaura.com\/ca\/vestits-festa\/","og_locale":"ca_ES","og_type":"article","og_title":"Vestidos fiesta CRISTINA SAURA. Sofisticaci\u00f3n, exclusividad y artesan\u00eda.","og_description":"En la col\u00b7lecci\u00f3 de Vestits Festa d'Alta Costura de CRISTINA SAURA es troba Ariel, un disseny minimalista d'estil sofisticat. Una original distribuci\u00f3 de volums atorguen protagonisme al cos, amb escot en V, tirants i nu parcial de l'esquena.","og_url":"https:\/\/cristinasaura.com\/ca\/vestits-festa\/","og_site_name":"Cristina Saura","article_publisher":"https:\/\/www.facebook.com\/cristinasaurabarcelona\/","article_modified_time":"2018-09-11T18:09:25+00:00","twitter_card":"summary_large_image","twitter_site":"@cristinasabcn","twitter_misc":{"Temps estimat de lectura":"4 minuts"},"schema":{"@context":"https:\/\/schema.org","@graph":[{"@type":"WebPage","@id":"https:\/\/cristinasaura.com\/ca\/vestits-festa\/","url":"https:\/\/cristinasaura.com\/ca\/vestits-festa\/","name":"Vestidos fiesta CRISTINA SAURA. Sofisticaci\u00f3n, exclusividad y artesan\u00eda.","isPartOf":{"@id":"https:\/\/cristinasaura.com\/#website"},"datePublished":"2018-01-26T16:44:14+00:00","dateModified":"2018-09-11T18:09:25+00:00","description":"En la col\u00b7lecci\u00f3 de Vestits Festa d'Alta Costura de CRISTINA SAURA es troba Ariel, un disseny minimalista d'estil sofisticat. Una original distribuci\u00f3 de volums atorguen protagonisme al cos, amb escot en V, tirants i nu parcial de l'esquena.","breadcrumb":{"@id":"https:\/\/cristinasaura.com\/ca\/vestits-festa\/#breadcrumb"},"inLanguage":"ca","potentialAction":[{"@type":"ReadAction","target":["https:\/\/cristinasaura.com\/ca\/vestits-festa\/"]}]},{"@type":"BreadcrumbList","@id":"https:\/\/cristinasaura.com\/ca\/vestits-festa\/#breadcrumb","itemListElement":[{"@type":"ListItem","position":1,"name":"Portada","item":"https:\/\/cristinasaura.com\/ca\/"},{"@type":"ListItem","position":2,"name":"Vestit de festa Ariel"}]},{"@type":"WebSite","@id":"https:\/\/cristinasaura.com\/#website","url":"https:\/\/cristinasaura.com\/","name":"Cristina Saura","description":"Dise\u00f1adora de vestidos de novia y fiesta de Alta Costura en Barcelona","publisher":{"@id":"https:\/\/cristinasaura.com\/#organization"},"potentialAction":[{"@type":"SearchAction","target":{"@type":"EntryPoint","urlTemplate":"https:\/\/cristinasaura.com\/?s={search_term_string}"},"query-input":{"@type":"PropertyValueSpecification","valueRequired":true,"valueName":"search_term_string"}}],"inLanguage":"ca"},{"@type":"Organization","@id":"https:\/\/cristinasaura.com\/#organization","name":"CRISTINA SAURA","url":"https:\/\/cristinasaura.com\/","logo":{"@type":"ImageObject","inLanguage":"ca","@id":"https:\/\/cristinasaura.com\/#\/schema\/logo\/image\/","url":"http:\/\/cristinasaura.com\/wp-content\/uploads\/2017\/12\/cristina-saura-logo.png","contentUrl":"http:\/\/cristinasaura.com\/wp-content\/uploads\/2017\/12\/cristina-saura-logo.png","width":687,"height":293,"caption":"CRISTINA SAURA"},"image":{"@id":"https:\/\/cristinasaura.com\/#\/schema\/logo\/image\/"},"sameAs":["https:\/\/www.facebook.com\/cristinasaurabarcelona\/","https:\/\/x.com\/cristinasabcn","https:\/\/www.instagram.com\/cristinasaurabcn\/","https:\/\/www.pinterest.es\/designercsaura\/"]}]}},"_links":{"self":[{"href":"https:\/\/cristinasaura.com\/ca\/wp-json\/wp\/v2\/pages\/6638","targetHints":{"allow":["GET"]}}],"collection":[{"href":"https:\/\/cristinasaura.com\/ca\/wp-json\/wp\/v2\/pages"}],"about":[{"href":"https:\/\/cristinasaura.com\/ca\/wp-json\/wp\/v2\/types\/page"}],"author":[{"embeddable":true,"href":"https:\/\/cristinasaura.com\/ca\/wp-json\/wp\/v2\/users\/3"}],"replies":[{"embeddable":true,"href":"https:\/\/cristinasaura.com\/ca\/wp-json\/wp\/v2\/comments?post=6638"}],"version-history":[{"count":0,"href":"https:\/\/cristinasaura.com\/ca\/wp-json\/wp\/v2\/pages\/6638\/revisions"}],"wp:attachment":[{"href":"https:\/\/cristinasaura.com\/ca\/wp-json\/wp\/v2\/media?parent=6638"}],"curies":[{"name":"wp","href":"https:\/\/api.w.org\/{rel}","templated":true}]}}