{"id":6609,"date":"2017-09-11T08:56:59","date_gmt":"2017-09-11T06:56:59","guid":{"rendered":"https:\/\/cristinasaura.com\/?page_id=6609"},"modified":"2023-09-21T10:16:25","modified_gmt":"2023-09-21T08:16:25","slug":"vestits-festa-alta-costura-2","status":"publish","type":"page","link":"https:\/\/cristinasaura.com\/ca\/vestits-festa-alta-costura-2\/","title":{"rendered":"Festa"},"content":{"rendered":"<p>[et_pb_section bb_built=&#8221;1&#8243; fullwidth=&#8221;on&#8221; _builder_version=&#8221;3.0.47&#8243; next_background_color=&#8221;#000000&#8243;][et_pb_nextend_smart_slider_3_fullwidth slider=&#8221;43&#8243; _builder_version=&#8221;3.14&#8243;]<\/p>\n<p>&lt;div class=&#8221;et_pb_module et-waypoint et_pb_nextend_smart_slider_3_fullwidth_1 et_pb_animation_off&#8221;&gt;&lt;iframe class=&#8221;n2-ss-slider-frame&#8221; style=&#8221;width: 100%; display: block; border: 0;&#8221; src=&#8221;https:\/\/cristinasaura.com?n2prerender=1&amp;n2app=smartslider&amp;n2controller=slider&amp;n2action=iframe&amp;sliderid=13&amp;hash=950b640e3c8366243b2ebfc7c7004cec&#8221; width=&#8221;300&#8243; height=&#8221;150&#8243; frameborder=&#8221;0&#8243;&gt;&lt;\/iframe&gt;&lt;\/div&gt;<\/p>\n<p>[\/et_pb_nextend_smart_slider_3_fullwidth][\/et_pb_section][et_pb_section bb_built=&#8221;1&#8243; _builder_version=&#8221;3.0.96&#8243; prev_background_color=&#8221;#000000&#8243; next_background_color=&#8221;#e09900&#8243;][et_pb_row use_custom_gutter=&#8221;on&#8221; gutter_width=&#8221;1&#8243; make_equal=&#8221;on&#8221; padding_right_1=&#8221;50px&#8221; padding_right_2=&#8221;10px&#8221; padding_left_3=&#8221;10px&#8221; padding_1_tablet=&#8221;|0px||&#8221; padding_2_phone=&#8221;|0px||&#8221; padding_3_phone=&#8221;|||0px&#8221; padding_1_last_edited=&#8221;on|tablet&#8221; padding_2_last_edited=&#8221;on|phone&#8221; padding_3_last_edited=&#8221;on|phone&#8221; module_class_1=&#8221;justificado-vertical &#8221; module_class_2=&#8221;justificado-vertical &#8221; module_class_3=&#8221;justificado-vertical &#8221; _builder_version=&#8221;3.0.96&#8243;][et_pb_column type=&#8221;1_2&#8243;][et_pb_text admin_label=&#8221;GALA&#8221; module_class=&#8221;hijo-flex&#8221; _builder_version=&#8221;3.14&#8243;]<\/p>\n<p><a href=\"https:\/\/cristinasaura.com\/ca\/vestit-de-coctel-gala\/\"><img loading=\"lazy\" decoding=\"async\" class=\"aligncenter wp-image-2987 size-full\" src=\"http:\/\/cristinasaura.com\/wp-content\/uploads\/2018\/01\/gala1.jpg\" alt=\"\" width=\"800\" height=\"1230\"><\/a><\/p>\n<div class=\"tetxo-sobre-imagen\">GALA PER SEMPRE<\/div>\n<p class=\"filete-sobre-imagen\"><span><\/span><\/p>\n<p>[\/et_pb_text][et_pb_text admin_label=&#8221;CARINA&#8221; module_class=&#8221;hijo-flex&#8221; _builder_version=&#8221;3.14&#8243;]<\/p>\n<p><a href=\"https:\/\/cristinasaura.com\/ca\/vestits-de-dissenyador\/\"><img loading=\"lazy\" decoding=\"async\" class=\"aligncenter wp-image-2987 size-full\" src=\"http:\/\/cristinasaura.com\/wp-content\/uploads\/2018\/01\/carina1.jpg\" alt=\"El tall dels vestits de festa de CRISTINA SAURA \u00e9s expert i essencialment \u00fanic.\" width=\"800\" height=\"1230\"><\/a><\/p>\n<div class=\"tetxo-sobre-imagen\">CARINA MODERNITAT<\/div>\n<p class=\"filete-sobre-imagen\"><span><\/span><\/p>\n<p>[\/et_pb_text][et_pb_text admin_label=&#8221;IOANA&#8221; module_class=&#8221;hijo-flex&#8221; _builder_version=&#8221;3.14&#8243;]<\/p>\n<p><a href=\"https:\/\/cristinasaura.com\/ca\/vestit-de-nit-ioana\/\"><img loading=\"lazy\" decoding=\"async\" class=\"aligncenter wp-image-2987 size-full\" src=\"http:\/\/cristinasaura.com\/wp-content\/uploads\/2018\/01\/ioana1.jpg\" alt=\"Vestit de nit disseny de CRISTINA SAURA. Consta de drapejat en el seu escot paraula d'honor i faldilla biaix amb fantasia.\" width=\"800\" height=\"1230\"><\/a><\/p>\n<div class=\"tetxo-sobre-imagen\">ESPL\u00c8NDIDA IOANA<\/div>\n<p class=\"filete-sobre-imagen\"><span><\/span><\/p>\n<p>[\/et_pb_text][et_pb_text admin_label=&#8221;DOROTEA&#8221; module_class=&#8221;hijo-flex&#8221; _builder_version=&#8221;3.14&#8243;]<\/p>\n<p><a href=\"https:\/\/cristinasaura.com\/ca\/vestits-de-cerimonia-sofisticats\/\"><img loading=\"lazy\" decoding=\"async\" class=\"aligncenter wp-image-2987 size-full\" src=\"http:\/\/cristinasaura.com\/wp-content\/uploads\/2018\/01\/dorotea1.jpg\" alt=\"Exquisit disseny de la col\u00b7lecci\u00f3 de vestits de festa de CRISTINA SAURA pensada per a la padrina o mare del nuvi del casament.\" width=\"800\" height=\"1230\"><\/a><\/p>\n<div class=\"tetxo-sobre-imagen\">SOFISTICACI\u00d3 DOROTEA<\/div>\n<p class=\"filete-sobre-imagen\"><span><\/span><\/p>\n<p>[\/et_pb_text][et_pb_text admin_label=&#8221;ARIEL&#8221; module_class=&#8221;hijo-flex&#8221; _builder_version=&#8221;3.14&#8243;]<\/p>\n<p><a href=\"https:\/\/cristinasaura.com\/ca\/vestits-festa\/\"><img loading=\"lazy\" decoding=\"async\" class=\"aligncenter wp-image-2987 size-full\" src=\"http:\/\/cristinasaura.com\/wp-content\/uploads\/2018\/01\/ariel1-1.jpg\" alt=\"Ariel \u00e9s un vestit de festa de CRISTINA SAURA. S'elabora en crep set\u00ed de seda vermell entre d'altres colors.\" width=\"800\" height=\"1230\"><\/a><\/p>\n<div class=\"tetxo-sobre-imagen\">INSPIRADORA ARIEL<\/div>\n<p class=\"filete-sobre-imagen\"><span><\/span><\/p>\n<p>[\/et_pb_text][\/et_pb_column][et_pb_column type=&#8221;1_4&#8243;][et_pb_text admin_label=&#8221;ROSETA&#8221; module_class=&#8221;hijo-flex&#8221; _builder_version=&#8221;3.14&#8243;]<\/p>\n<p><a href=\"https:\/\/cristinasaura.com\/ca\/vestit-de-coctel-roseta\/\"><img loading=\"lazy\" decoding=\"async\" class=\" suau aligncenter size-full\" src=\"http:\/\/cristinasaura.com\/wp-content\/uploads\/2018\/01\/roseta1.jpg\" alt=\"Original vestit de festa curt, de la col\u00b7lecci\u00f3 de festa CRISTINA SAURA. Visita la nostra botiga a Barcelona.\" width=\"800\" height=\"1230\"><\/a><\/p>\n<div class=\"tetxo-sobre-imagen\">CELESTE ROSETA<\/div>\n<p class=\"filete-sobre-imagen\"><span><\/span><\/p>\n<p>[\/et_pb_text][et_pb_text admin_label=&#8221;MARY&#8221; module_class=&#8221;hijo-flex&#8221; _builder_version=&#8221;3.14&#8243;]<\/p>\n<p><a href=\"https:\/\/cristinasaura.com\/ca\/vestit-de-festa-mary\/\"><img loading=\"lazy\" decoding=\"async\" class=\" suau aligncenter size-full\" src=\"http:\/\/cristinasaura.com\/wp-content\/uploads\/2018\/01\/mary1-1.jpg\" alt=\"Sofiticado disseny per vestit de festa de CRISTINA SAURA d'escot halter drapejat.\" width=\"800\" height=\"1230\"><\/a><\/p>\n<div class=\"tetxo-sobre-imagen\">MARY CHIC<\/div>\n<p class=\"filete-sobre-imagen\"><span><\/span><\/p>\n<p>[\/et_pb_text][et_pb_text admin_label=&#8221;GEMA&#8221; module_class=&#8221;hijo-flex&#8221; _builder_version=&#8221;3.14&#8243;]<\/p>\n<p><a href=\"https:\/\/cristinasaura.com\/ca\/vestit-de-coctel-gemma\/\"><img loading=\"lazy\" decoding=\"async\" class=\" suau aligncenter size-full\" src=\"http:\/\/cristinasaura.com\/wp-content\/uploads\/2018\/01\/gema3.jpg\" alt=\"\" width=\"800\" height=\"1230\"><\/a><\/p>\n<div class=\"tetxo-sobre-imagen\">INTEMPORAL GEMA<\/div>\n<p class=\"filete-sobre-imagen\"><span><\/span><\/p>\n<p>[\/et_pb_text][et_pb_text admin_label=&#8221;LUC\u00cdA&#8221; module_class=&#8221;hijo-flex&#8221; _builder_version=&#8221;3.15&#8243;]<\/p>\n<p><a href=\"https:\/\/cristinasaura.com\/ca\/vestido-de-fiesta-de-alta-costura-lucia\/\"><img loading=\"lazy\" decoding=\"async\" class=\" suau aligncenter size-full\" src=\"http:\/\/cristinasaura.com\/wp-content\/uploads\/2018\/09\/LUCIA1-WEB.jpg\" alt=\"Lucia es un vestido de fiesta de Alta Costrua de encaje y estilo corsetero, distintivo de CRISTINA SAURA.\" width=\"800\" height=\"1230\"><\/a><\/p>\n<div class=\"tetxo-sobre-imagen\">SINGULAR LUC\u00cdA<\/div>\n<p class=\"filete-sobre-imagen\"><span><\/span><\/p>\n<p>[\/et_pb_text][et_pb_text admin_label=&#8221;TANIA&#8221; module_class=&#8221;hijo-flex&#8221; _builder_version=&#8221;3.14&#8243;]<\/p>\n<p><a href=\"https:\/\/cristinasaura.com\/ca\/vestit-de-festa-tania\/\"><img loading=\"lazy\" decoding=\"async\" class=\" suau aligncenter size-full\" src=\"http:\/\/cristinasaura.com\/wp-content\/uploads\/2018\/01\/tania1.jpg\" alt=\"Disseny de CRISTINA SAURA per vestit de festa, d'estil sofisticat.\" width=\"800\" height=\"1230\"><\/a><\/p>\n<div class=\"tetxo-sobre-imagen\">SOFISTICADA TANIA<\/div>\n<p class=\"filete-sobre-imagen\"><span><\/span><\/p>\n<p>[\/et_pb_text][et_pb_text admin_label=&#8221;LYLA&#8221; module_class=&#8221;hijo-flex&#8221; _builder_version=&#8221;3.14&#8243;]<\/p>\n<p><a href=\"https:\/\/cristinasaura.com\/ca\/vestit-de-festa-lyla\/\"><img loading=\"lazy\" decoding=\"async\" class=\" suau aligncenter size-full\" src=\"http:\/\/cristinasaura.com\/wp-content\/uploads\/2018\/01\/lyla1-1.jpg\" alt=\"Els dissenys dels vestits de festa CRISTINA SAURA estan pensats per a les diferents complexions i circumst\u00e0ncies vitals de la dona, posant en valor les eines del disseny.\" width=\"800\" height=\"1230\"><\/a><\/p>\n<div class=\"tetxo-sobre-imagen\">HERMOSA LYLA<\/div>\n<p class=\"filete-sobre-imagen\"><span><\/span><\/p>\n<p>[\/et_pb_text][et_pb_text admin_label=&#8221;FIONA&#8221; module_class=&#8221;hijo-flex&#8221; _builder_version=&#8221;3.14&#8243;]<\/p>\n<p><a href=\"https:\/\/cristinasaura.com\/ca\/vestit-de-festa-fiona\/\"><img loading=\"lazy\" decoding=\"async\" class=\" suau aligncenter size-full\" src=\"http:\/\/cristinasaura.com\/wp-content\/uploads\/2018\/01\/fiona4.jpg\" alt=\"\" width=\"800\" height=\"1230\"><\/a><\/p>\n<div class=\"tetxo-sobre-imagen\">FIONA MAGN\u00cdFICA<\/div>\n<p class=\"filete-sobre-imagen\"><span><\/span><\/p>\n<p>[\/et_pb_text][et_pb_text admin_label=&#8221;VERA&#8221; module_class=&#8221;hijo-flex&#8221; _builder_version=&#8221;3.14&#8243;]<\/p>\n<p><a href=\"https:\/\/cristinasaura.com\/ca\/vestit-de-festa-vera\/\"><img loading=\"lazy\" decoding=\"async\" class=\" suau aligncenter size-full\" src=\"http:\/\/cristinasaura.com\/wp-content\/uploads\/2018\/01\/vera1.jpg\" alt=\"Creaci\u00f3 CRISTINA SAURA de la col\u00b7lecci\u00f3 de vestits de festa. Visita la nostra botiga a Barcelona.\" width=\"800\" height=\"1230\"><\/a><\/p>\n<div class=\"tetxo-sobre-imagen\">TRANSPARENT VERA<\/div>\n<p class=\"filete-sobre-imagen\"><span><\/span><\/p>\n<p>[\/et_pb_text][et_pb_text admin_label=&#8221;ANNA&#8221; module_class=&#8221;hijo-flex&#8221; _builder_version=&#8221;3.14&#8243;]<\/p>\n<p><a href=\"https:\/\/cristinasaura.com\/ca\/vestit-de-festa-anna\/\"><img loading=\"lazy\" decoding=\"async\" class=\" suau aligncenter size-full\" src=\"http:\/\/cristinasaura.com\/wp-content\/uploads\/2018\/01\/anna1.jpg\" alt=\"Original vestit per festa de CRISTINA SAURA amb sujerente escot ll\u00e0grima al darrera.\" width=\"800\" height=\"1230\"><\/a><\/p>\n<div class=\"tetxo-sobre-imagen\">SEXY ANNA<\/div>\n<p class=\"filete-sobre-imagen\"><span><\/span><\/p>\n<p>[\/et_pb_text][\/et_pb_column][et_pb_column type=&#8221;1_4&#8243;][et_pb_text admin_label=&#8221;FEDRA&#8221; module_class=&#8221;hijo-flex&#8221; _builder_version=&#8221;3.14&#8243;]<\/p>\n<p><a href=\"https:\/\/cristinasaura.com\/ca\/vestit-de-festa-fedra\/\"><img loading=\"lazy\" decoding=\"async\" class=\" suau aligncenter size-full\" src=\"http:\/\/cristinasaura.com\/wp-content\/uploads\/2018\/01\/fedra1-1.jpg\" alt=\"Espectacular vestit de festa CRISTINA SAURA d'estil cl\u00e0ssic. El seu disseny defineix el t\u00f2rax fins al maluc i bra\u00e7os, mentre la faldilla despliegua abundant volum.\" width=\"800\" height=\"1230\"><\/a><\/p>\n<div class=\"tetxo-sobre-imagen\">FEDRA ESPECTACULAR<\/div>\n<p class=\"filete-sobre-imagen\"><span><\/span><\/p>\n<p>[\/et_pb_text][et_pb_text admin_label=&#8221;RITA&#8221; module_class=&#8221;hijo-flex&#8221; _builder_version=&#8221;3.14&#8243;]<\/p>\n<p><a href=\"https:\/\/cristinasaura.com\/ca\/vestits-de-casament\/\"><img loading=\"lazy\" decoding=\"async\" class=\" suau aligncenter size-full\" src=\"http:\/\/cristinasaura.com\/wp-content\/uploads\/2018\/01\/rita4.jpg\" alt=\"Vestit de festa vermell set\u00ed de CRISTINA SAURA. Tots els dissenys de la marca es poden adquirir a una talla proporcionada o elaborar per a una complexi\u00f3 determinada.\" width=\"800\" height=\"1230\"><\/a><\/p>\n<div class=\"tetxo-sobre-imagen\">SUGERENTE RITA<\/div>\n<p class=\"filete-sobre-imagen\"><span><\/span><\/p>\n<p>[\/et_pb_text][et_pb_text admin_label=&#8221;CASANDRA&#8221; module_class=&#8221;hijo-flex&#8221; _builder_version=&#8221;3.14&#8243;]<\/p>\n<p><a href=\"https:\/\/cristinasaura.com\/ca\/abric-de-festa-cassandra\/\"><img loading=\"lazy\" decoding=\"async\" class=\" suau aligncenter size-full\" src=\"http:\/\/cristinasaura.com\/wp-content\/uploads\/2018\/01\/casandra2.jpg\" alt=\"Innovant en els dissenys i apostant per la qualitat en la construcci\u00f3. Pe\u00e7a de col\u00b7lecci\u00f3 de festa CRISTINA SAURA.\" width=\"800\" height=\"1230\"><\/a><\/p>\n<div class=\"tetxo-sobre-imagen\">PERFECTA CASANDRA<\/div>\n<p class=\"filete-sobre-imagen\"><span><\/span><\/p>\n<p>[\/et_pb_text][et_pb_text admin_label=&#8221;ROBERTA&#8221; module_class=&#8221;hijo-flex&#8221; _builder_version=&#8221;3.14&#8243;]<\/p>\n<p><a href=\"https:\/\/cristinasaura.com\/ca\/vestit-de-festa-roberta\/\"><img loading=\"lazy\" decoding=\"async\" class=\" suau aligncenter size-full\" src=\"http:\/\/cristinasaura.com\/wp-content\/uploads\/2018\/01\/roberta1.jpg\" alt=\"Detall d'artesania a la botonadura del vestit de festa Roberta de CRISTINA SAURA.\" width=\"800\" height=\"1230\"><\/a><\/p>\n<div class=\"tetxo-sobre-imagen\">ROBERTA JUVENIL<\/div>\n<p class=\"filete-sobre-imagen\"><span><\/span><\/p>\n<p>[\/et_pb_text][et_pb_text admin_label=&#8221;P\u00cdA&#8221; module_class=&#8221;hijo-flex&#8221; _builder_version=&#8221;3.14&#8243;]<\/p>\n<p><a href=\"https:\/\/cristinasaura.com\/ca\/vestit-de-festa-pia\/\"><img loading=\"lazy\" decoding=\"async\" class=\" suau aligncenter size-full\" src=\"http:\/\/cristinasaura.com\/wp-content\/uploads\/2018\/01\/pia4-e1516944888874.jpg\" alt=\"CRISTINA SAURA: El fenomen dels vestits de festa a mida.\" width=\"800\" height=\"1230\"><\/a><\/p>\n<div class=\"tetxo-sobre-imagen\">P\u00cdA A MIDA<\/div>\n<p class=\"filete-sobre-imagen\"><span><\/span><\/p>\n<p>[\/et_pb_text][et_pb_text admin_label=&#8221;TESA&#8221; module_class=&#8221;hijo-flex&#8221; _builder_version=&#8221;3.14&#8243;]<\/p>\n<p><a href=\"https:\/\/cristinasaura.com\/ca\/vestit-de-festa-tesa\/\"><img loading=\"lazy\" decoding=\"async\" class=\" suau aligncenter size-full\" src=\"http:\/\/cristinasaura.com\/wp-content\/uploads\/2018\/01\/tesa1.jpg\" alt=\"Tesa \u00e9s un disseny de la col\u00b7lecci\u00f3 de vestits de festa d'Alta Costura de CRISTINA SAURA en el qual destaca un original drapejat a l'esquena formant V.\" width=\"800\" height=\"1230\"><\/a><\/p>\n<div class=\"tetxo-sobre-imagen\">ORIGINAL TESA<\/div>\n<p class=\"filete-sobre-imagen\"><span><\/span><\/p>\n<p>[\/et_pb_text][et_pb_text admin_label=&#8221;TAIF&#8221; module_class=&#8221;hijo-flex&#8221; _builder_version=&#8221;3.14&#8243;]<\/p>\n<p><a href=\"https:\/\/cristinasaura.com\/ca\/vestit-de-festa-taif\/\"><img loading=\"lazy\" decoding=\"async\" class=\" suau aligncenter size-full\" src=\"http:\/\/cristinasaura.com\/wp-content\/uploads\/2018\/01\/taif2.jpg\" alt=\"Taif \u00e9s una pe\u00e7a de la col\u00b7lecci\u00f3 de vestits de festa de CRISTINA SAURA elaborada amb set\u00ed de seda, que pot ser enendida com un minivestit o com brusa.\" width=\"800\" height=\"1230\"><\/a><\/p>\n<div class=\"tetxo-sobre-imagen\">TAIF SHIBORI<\/div>\n<p class=\"filete-sobre-imagen\"><span><\/span><\/p>\n<p>[\/et_pb_text][et_pb_text admin_label=&#8221;IN\u00c9S&#8221; module_class=&#8221;hijo-flex&#8221; _builder_version=&#8221;3.14&#8243;]<\/p>\n<p><a href=\"https:\/\/cristinasaura.com\/ca\/vestit-de-festa-ines\/\"><img loading=\"lazy\" decoding=\"async\" class=\" suau aligncenter size-full\" src=\"http:\/\/cristinasaura.com\/wp-content\/uploads\/2018\/01\/ines1.jpg\" alt=\"Disseny de la col\u00b7lecci\u00f3 de vestits de festa de CRISTINA SAURA. Visita la botiga de la firma a Carrer del Comer\u00e7 1 de Barcelona.\" width=\"800\" height=\"1230\"><\/a><\/p>\n<div class=\"tetxo-sobre-imagen\">\u00daNICA IN\u00c9S<\/div>\n<p class=\"filete-sobre-imagen\"><span><\/span><\/p>\n<p>[\/et_pb_text][et_pb_text admin_label=&#8221;blanco&#8221; module_class=&#8221;hijo-flex&#8221; _builder_version=&#8221;3.9&#8243; disabled=&#8221;off&#8221; disabled_on=&#8221;on||&#8221;]<\/p>\n<p><img loading=\"lazy\" decoding=\"async\" class=\" aligncenter size-full\" src=\"http:\/\/cristinasaura.com\/wp-content\/uploads\/2018\/01\/blanco.jpg\" alt=\" \" width=\"800\" height=\"1230\"><\/p>\n<div class=\"tetxo-sobre-imagen\"><\/div>\n<p class=\"filete-sobre-imagen\">\n<p>[\/et_pb_text][\/et_pb_column][\/et_pb_row][\/et_pb_section][et_pb_section bb_built=&#8221;1&#8243; background_color=&#8221;#e09900&#8243; disabled_on=&#8221;on|on|on&#8221; _builder_version=&#8221;3.0.96&#8243; disabled=&#8221;on&#8221; prev_background_color=&#8221;#ffffff&#8221; next_background_color=&#8221;#f7f7f7&#8243;][et_pb_row make_equal=&#8221;on&#8221; module_class_1=&#8221;justificado-vertical&#8221; module_class_2=&#8221;justificado-vertical&#8221; module_class_3=&#8221;justificado-vertical&#8221; _builder_version=&#8221;3.0.96&#8243;][et_pb_column type=&#8221;1_3&#8243;][et_pb_text admin_label=&#8221;c\u00f3digo imagen con texto sin link&#8221; module_class=&#8221;hijo-flex&#8221; _builder_version=&#8221;3.0.96&#8243;]<\/p>\n<p><img loading=\"lazy\" decoding=\"async\" class=\"aligncenter wp-image-2987 size-full\" src=\"http:\/\/cristinasaura.com\/wp-content\/uploads\/2018\/01\/rita1.jpg\" alt=\"Vestido de fiesta CRISTINA SAURA con sujerente escote en &quot;V&quot; y drapeado en la cintura.\" width=\"800\" height=\"1230\" srcset=\"https:\/\/cristinasaura.com\/wp-content\/uploads\/2018\/01\/rita1.jpg 800w, https:\/\/cristinasaura.com\/wp-content\/uploads\/2018\/01\/rita1-195x300.jpg 195w, https:\/\/cristinasaura.com\/wp-content\/uploads\/2018\/01\/rita1-768x1181.jpg 768w, https:\/\/cristinasaura.com\/wp-content\/uploads\/2018\/01\/rita1-666x1024.jpg 666w\" sizes=\"(max-width: 800px) 100vw, 800px\" \/><\/p>\n<div class=\"tetxo-sobre-imagen\">C\u00f3digo imagen con texto sin link<\/div>\n<p class=\"filete-sobre-imagen\">\n<p>[\/et_pb_text][et_pb_text admin_label=&#8221;c\u00f3digo imagen con texto sin link &#8211; suau&#8221; module_class=&#8221;hijo-flex&#8221; _builder_version=&#8221;3.0.96&#8243;]<\/p>\n<p><img loading=\"lazy\" decoding=\"async\" class=\"suau aligncenter wp-image-2987 size-full\" src=\"http:\/\/cristinasaura.com\/wp-content\/uploads\/2018\/01\/rita1.jpg\" alt=\"Vestido de fiesta CRISTINA SAURA con sujerente escote en &quot;V&quot; y drapeado en la cintura.\" width=\"800\" height=\"1230\" srcset=\"https:\/\/cristinasaura.com\/wp-content\/uploads\/2018\/01\/rita1.jpg 800w, https:\/\/cristinasaura.com\/wp-content\/uploads\/2018\/01\/rita1-195x300.jpg 195w, https:\/\/cristinasaura.com\/wp-content\/uploads\/2018\/01\/rita1-768x1181.jpg 768w, https:\/\/cristinasaura.com\/wp-content\/uploads\/2018\/01\/rita1-666x1024.jpg 666w\" sizes=\"(max-width: 800px) 100vw, 800px\" \/><\/p>\n<div class=\"tetxo-sobre-imagen\">C\u00f3digo imagen SUAU con texto sin link<\/div>\n<p class=\"filete-sobre-imagen\">\n<p>[\/et_pb_text][\/et_pb_column][et_pb_column type=&#8221;1_3&#8243;][et_pb_text admin_label=&#8221;c\u00f3digo imagen con texto link pagina&#8221; module_class=&#8221;hijo-flex&#8221; _builder_version=&#8221;3.0.96&#8243;]<\/p>\n<p><a href=\"https:\/\/cristinasaura.com\/tipografia\/\"><img loading=\"lazy\" decoding=\"async\" class=\"aligncenter wp-image-2987 size-full\" src=\"http:\/\/cristinasaura.com\/wp-content\/uploads\/2018\/01\/rita1.jpg\" alt=\"Vestido de fiesta CRISTINA SAURA con sujerente escote en &quot;V&quot; y drapeado en la cintura.\" width=\"800\" height=\"1230\" srcset=\"https:\/\/cristinasaura.com\/wp-content\/uploads\/2018\/01\/rita1.jpg 800w, https:\/\/cristinasaura.com\/wp-content\/uploads\/2018\/01\/rita1-195x300.jpg 195w, https:\/\/cristinasaura.com\/wp-content\/uploads\/2018\/01\/rita1-768x1181.jpg 768w, https:\/\/cristinasaura.com\/wp-content\/uploads\/2018\/01\/rita1-666x1024.jpg 666w\" sizes=\"(max-width: 800px) 100vw, 800px\" \/><\/a><\/p>\n<div class=\"tetxo-sobre-imagen\">Imagen SUAU con texto con link a p\u00e1gina.<\/div>\n<p class=\"filete-sobre-imagen\">\n<p>[\/et_pb_text][et_pb_text admin_label=&#8221;c\u00f3digo imagen con texto link pagina &#8211; suau&#8221; module_class=&#8221;hijo-flex&#8221; _builder_version=&#8221;3.0.96&#8243;]<\/p>\n<p><a href=\"https:\/\/cristinasaura.com\/tipografia\/\"><img loading=\"lazy\" decoding=\"async\" class=\"suau aligncenter wp-image-2987 size-full\" src=\"http:\/\/cristinasaura.com\/wp-content\/uploads\/2018\/01\/rita1.jpg\" alt=\"Vestido de fiesta CRISTINA SAURA con sujerente escote en &quot;V&quot; y drapeado en la cintura.\" width=\"800\" height=\"1230\" srcset=\"https:\/\/cristinasaura.com\/wp-content\/uploads\/2018\/01\/rita1.jpg 800w, https:\/\/cristinasaura.com\/wp-content\/uploads\/2018\/01\/rita1-195x300.jpg 195w, https:\/\/cristinasaura.com\/wp-content\/uploads\/2018\/01\/rita1-768x1181.jpg 768w, https:\/\/cristinasaura.com\/wp-content\/uploads\/2018\/01\/rita1-666x1024.jpg 666w\" sizes=\"(max-width: 800px) 100vw, 800px\" \/><\/a><\/p>\n<div class=\"tetxo-sobre-imagen\">Imagen SUAU con texto con link a p\u00e1gina.<\/div>\n<p class=\"filete-sobre-imagen\">\n<p>[\/et_pb_text][\/et_pb_column][et_pb_column type=&#8221;1_3&#8243;][et_pb_text admin_label=&#8221;c\u00f3digo imagen con texto link imagen&#8221; module_class=&#8221;hijo-flex&#8221; _builder_version=&#8221;3.0.96&#8243;]<\/p>\n<p><a class=\"et_pb_lightbox_image\" href=\"http:\/\/cristinasaura.com\/wp-content\/uploads\/2018\/01\/rita1.jpg\"><img loading=\"lazy\" decoding=\"async\" class=\"aligncenter wp-image-2987 size-full\" src=\"http:\/\/cristinasaura.com\/wp-content\/uploads\/2018\/01\/rita1.jpg\" alt=\"Vestido de fiesta CRISTINA SAURA con sujerente escote en &quot;V&quot; y drapeado en la cintura.\" width=\"800\" height=\"1230\" srcset=\"https:\/\/cristinasaura.com\/wp-content\/uploads\/2018\/01\/rita1.jpg 800w, https:\/\/cristinasaura.com\/wp-content\/uploads\/2018\/01\/rita1-195x300.jpg 195w, https:\/\/cristinasaura.com\/wp-content\/uploads\/2018\/01\/rita1-768x1181.jpg 768w, https:\/\/cristinasaura.com\/wp-content\/uploads\/2018\/01\/rita1-666x1024.jpg 666w\" sizes=\"(max-width: 800px) 100vw, 800px\" \/><\/a><\/p>\n<div class=\"tetxo-sobre-imagen\">Imagen con texto con link a imagen.<\/div>\n<p class=\"filete-sobre-imagen\">\n<p>[\/et_pb_text][et_pb_text admin_label=&#8221;c\u00f3digo imagen con texto link imagen &#8211; suau&#8221; module_class=&#8221;hijo-flex&#8221; _builder_version=&#8221;3.0.96&#8243;]<\/p>\n<p><a class=\"et_pb_lightbox_image\" href=\"http:\/\/cristinasaura.com\/wp-content\/uploads\/2018\/01\/rita1.jpg\"><img loading=\"lazy\" decoding=\"async\" class=\"suau aligncenter size-full\" src=\"http:\/\/cristinasaura.com\/wp-content\/uploads\/2018\/01\/rita1.jpg\" alt=\"Vestido de fiesta CRISTINA SAURA con sujerente escote en &quot;V&quot; y drapeado en la cintura.\" width=\"800\" height=\"1230\" \/><\/a><\/p>\n<div class=\"tetxo-sobre-imagen\">Imagen SUAU con texto con link a imagen.<\/div>\n<p class=\"filete-sobre-imagen\">\n<p>[\/et_pb_text][\/et_pb_column][\/et_pb_row][\/et_pb_section][et_pb_section bb_built=&#8221;1&#8243; background_color=&#8221;#f7f7f7&#8243; _builder_version=&#8221;3.0.101&#8243; custom_padding=&#8221;22px|0px|0px|0px&#8221; prev_background_color=&#8221;#e09900&#8243;][et_pb_row make_fullwidth=&#8221;on&#8221; use_custom_gutter=&#8221;on&#8221; gutter_width=&#8221;2&#8243; custom_padding=&#8221;27px|0px|32px|0px&#8221; custom_margin=&#8221;|||&#8221; _builder_version=&#8221;3.0.91&#8243; background_size=&#8221;initial&#8221; background_position=&#8221;top_left&#8221; background_repeat=&#8221;repeat&#8221; module_alignment=&#8221;center&#8221;][et_pb_column type=&#8221;1_4&#8243;][et_pb_image src=&#8221;http:\/\/cristinasaura.com\/wp-content\/uploads\/2018\/01\/marisol-miriam.jpg&#8221; show_in_lightbox=&#8221;on&#8221; use_overlay=&#8221;on&#8221; overlay_icon_color=&#8221;rgba(0,0,0,0.21)&#8221; hover_overlay_color=&#8221;rgba(0,0,0,0.17)&#8221; force_fullwidth=&#8221;on&#8221; _builder_version=&#8221;3.14&#8243; \/][et_pb_divider admin_label=&#8221;Linea 30 \/ 2&#8243; color=&#8221;#000000&#8243; show_divider=&#8221;on&#8221; divider_position=&#8221;bottom&#8221; divider_weight=&#8221;2&#8243; height=&#8221;20px&#8221; _builder_version=&#8221;3.0.98&#8243; max_width=&#8221;30px&#8221; module_alignment=&#8221;left&#8221; custom_padding_last_edited=&#8221;on|desktop&#8221; saved_tabs=&#8221;all&#8221; \/][et_pb_text admin_label=&#8221;Titulos &#8211; fina&#8221; disabled_on=&#8221;off|off|off&#8221; module_class=&#8221;fina&#8221; _builder_version=&#8221;3.14&#8243; text_font=&#8221;|||on|||||&#8221; header_font=&#8221;|300||on|||||&#8221; header_2_font=&#8221;Raleway|||on|||||&#8221; header_2_text_align=&#8221;left&#8221; header_2_font_size=&#8221;18px&#8221; header_3_font=&#8221;|300|||||||&#8221; header_4_font=&#8221;|300|||||||&#8221; header_5_font=&#8221;|300|||||||&#8221; header_6_font=&#8221;|300|||||||&#8221; custom_margin=&#8221;||0px|&#8221; custom_padding=&#8221;||0px|&#8221;]<\/p>\n<h2>LA NOVA ALTA COSTURA MODERNA<\/h2>\n<p class=\"filete-sobre-imagen\">\n<p>[\/et_pb_text][et_pb_text _builder_version=&#8221;3.14&#8243; text_font=&#8221;|300|||||||&#8221; text_line_height=&#8221;1.6em&#8221;]<\/p>\n<p>Els dissenys originals per a festa i c\u00f2ctel de CRISTINA SAURA expressen l&#8217;aposta de la dissenyadora per la feminitat i sofisticaci\u00f3 amb creacions senzilles que conjuguen el respecte per les formes, modernitat i artesania.<br \/>\nCom a valor afegit, la pr\u00f2pia dissenyadora interpreta aquestes creacions respectant la personal complexi\u00f3 de cada clienta, aix\u00ed el disseny es posa al servei de les persones i no al rev\u00e9s, complint la finalitat pr\u00e0ctica i est\u00e8tica per a les quals va ser creat.<\/p>\n<h5 style=\"text-align: center;\"><\/h5>\n<p class=\"filete-sobre-imagen\">\n<p>[\/et_pb_text][\/et_pb_column][et_pb_column type=&#8221;1_4&#8243;][et_pb_image src=&#8221;http:\/\/cristinasaura.com\/wp-content\/uploads\/2018\/01\/zhana-go.jpg&#8221; show_in_lightbox=&#8221;on&#8221; use_overlay=&#8221;on&#8221; overlay_icon_color=&#8221;rgba(0,0,0,0.21)&#8221; hover_overlay_color=&#8221;rgba(0,0,0,0.17)&#8221; force_fullwidth=&#8221;on&#8221; _builder_version=&#8221;3.14&#8243; \/][et_pb_divider admin_label=&#8221;Linea 30 \/ 2&#8243; color=&#8221;#000000&#8243; show_divider=&#8221;on&#8221; divider_position=&#8221;bottom&#8221; divider_weight=&#8221;2&#8243; height=&#8221;20px&#8221; _builder_version=&#8221;3.0.98&#8243; max_width=&#8221;30px&#8221; module_alignment=&#8221;left&#8221; custom_padding_last_edited=&#8221;on|desktop&#8221; saved_tabs=&#8221;all&#8221; \/][et_pb_text admin_label=&#8221;Titulos &#8211; fina&#8221; disabled_on=&#8221;off|off|off&#8221; module_class=&#8221;fina&#8221; _builder_version=&#8221;3.14&#8243; text_font=&#8221;|||on|||||&#8221; header_font=&#8221;|300||on|||||&#8221; header_2_font=&#8221;Raleway|||on|||||&#8221; header_2_text_align=&#8221;left&#8221; header_2_font_size=&#8221;18px&#8221; header_3_font=&#8221;|300|||||||&#8221; header_4_font=&#8221;|300|||||||&#8221; header_5_font=&#8221;|300|||||||&#8221; header_6_font=&#8221;|300|||||||&#8221; custom_margin=&#8221;||0px|&#8221; custom_padding=&#8221;||0px|&#8221;]<\/p>\n<h2>Intemporalitat<\/h2>\n<p class=\"filete-sobre-imagen\">\n<p>[\/et_pb_text][et_pb_text _builder_version=&#8221;3.14&#8243; text_font=&#8221;|300|||||||&#8221; text_line_height=&#8221;1.6em&#8221;]<\/p>\n<p>El vestit de c\u00f2ctel que desenvolupa CRISTINA SAURA \u00e9s una pe\u00e7a de vestir que difereix del vestit de festa, on es concedeix prioritat a l&#8217;eleg\u00e0ncia femenina respecte de l&#8217;originalitat d&#8217;avantguarda. A m\u00e9s guarda similituds amb els vestits de n\u00favia que fa a la conplejidad i laboriositat de la seva construcci\u00f3.<br \/>\nNo \u00e9s casual, per tot aix\u00f2, que aquestes peces passin a formar part del nostre fons d&#8217;armari per la seva bellesa, perqu\u00e8 ens fan sentir femenines, perqu\u00e8 ens sentin incre\u00efblement b\u00e9, perqu\u00e8 s\u00f3n confortables i perqu\u00e8 pr\u00e0cticament s&#8217;adeq\u00fcen amb facilitat a diferents ocasions de \u00fas.<\/p>\n<h5 style=\"text-align: center;\"><\/h5>\n<p class=\"filete-sobre-imagen\">\n<p>[\/et_pb_text][\/et_pb_column][et_pb_column type=&#8221;1_4&#8243;][et_pb_image src=&#8221;http:\/\/cristinasaura.com\/wp-content\/uploads\/2018\/01\/Marta_CRISTINA_SAURA.jpg&#8221; show_in_lightbox=&#8221;on&#8221; use_overlay=&#8221;on&#8221; overlay_icon_color=&#8221;rgba(0,0,0,0.21)&#8221; hover_overlay_color=&#8221;rgba(0,0,0,0.17)&#8221; force_fullwidth=&#8221;on&#8221; _builder_version=&#8221;3.0.95&#8243; \/][et_pb_divider admin_label=&#8221;Linea 30 \/ 2&#8243; color=&#8221;#000000&#8243; show_divider=&#8221;on&#8221; divider_position=&#8221;bottom&#8221; divider_weight=&#8221;2&#8243; height=&#8221;20px&#8221; _builder_version=&#8221;3.0.98&#8243; max_width=&#8221;30px&#8221; module_alignment=&#8221;left&#8221; custom_padding_last_edited=&#8221;on|desktop&#8221; saved_tabs=&#8221;all&#8221; \/][et_pb_text admin_label=&#8221;Titulos &#8211; fina&#8221; disabled_on=&#8221;off|off|off&#8221; module_class=&#8221;fina&#8221; _builder_version=&#8221;3.14&#8243; text_font=&#8221;|||on|||||&#8221; header_font=&#8221;|300||on|||||&#8221; header_2_font=&#8221;Raleway|||on|||||&#8221; header_2_text_align=&#8221;left&#8221; header_2_font_size=&#8221;18px&#8221; header_3_font=&#8221;|300|||||||&#8221; header_4_font=&#8221;|300|||||||&#8221; header_5_font=&#8221;|300|||||||&#8221; header_6_font=&#8221;|300|||||||&#8221; custom_margin=&#8221;||0px|&#8221; custom_padding=&#8221;||0px|&#8221;]<\/p>\n<h2>EDICIONS LIMITADES<\/h2>\n<p class=\"filete-sobre-imagen\">\n<p>[\/et_pb_text][et_pb_text _builder_version=&#8221;3.14&#8243; text_font=&#8221;|300|||||||&#8221; text_line_height=&#8221;1.6em&#8221;]<\/p>\n<p>Els vestits d&#8217;Alta Costura de CRISTINA SAURA es distingeixen per la seva limitada edici\u00f3, la qual cosa els converteix en exclusius, com no podia ser d&#8217;una altra manera, donat el seu car\u00e0cter personalitzat, aix\u00ed com la precisi\u00f3 i professionalitat que comporta la seva construcci\u00f3.<br \/>\nL&#8217;establiment de la marca a Comer\u00e7 1 de Barcelona ofereix als seus clientes l&#8217;opci\u00f3 a adquirir qualsevol disseny exposat en una talla estandarditzada o confeccionar a mida al taller de la firma que dirigeix la pr\u00f2pia dissenyadora. A m\u00e9s Cristina Saura ofereix la seva col\u00b7laboraci\u00f3 creativa per al disseny i elaboraci\u00f3 d&#8217;un vestit totalment \u00fanic i exclusiu.<\/p>\n<h5 style=\"text-align: center;\"><\/h5>\n<p class=\"filete-sobre-imagen\">\n<p>[\/et_pb_text][\/et_pb_column][et_pb_column type=&#8221;1_4&#8243;][et_pb_image src=&#8221;http:\/\/cristinasaura.com\/wp-content\/uploads\/2018\/01\/maribel2.jpg&#8221; show_in_lightbox=&#8221;on&#8221; use_overlay=&#8221;on&#8221; overlay_icon_color=&#8221;rgba(0,0,0,0.21)&#8221; hover_overlay_color=&#8221;rgba(0,0,0,0.17)&#8221; force_fullwidth=&#8221;on&#8221; _builder_version=&#8221;3.0.95&#8243; \/][et_pb_divider admin_label=&#8221;Linea 30 \/ 2&#8243; color=&#8221;#000000&#8243; show_divider=&#8221;on&#8221; divider_position=&#8221;bottom&#8221; divider_weight=&#8221;2&#8243; height=&#8221;20px&#8221; _builder_version=&#8221;3.0.98&#8243; max_width=&#8221;30px&#8221; module_alignment=&#8221;left&#8221; custom_padding_last_edited=&#8221;on|desktop&#8221; saved_tabs=&#8221;all&#8221; \/][et_pb_text admin_label=&#8221;Titulos &#8211; fina&#8221; disabled_on=&#8221;off|off|off&#8221; module_class=&#8221;fina&#8221; _builder_version=&#8221;3.14&#8243; text_font=&#8221;|||on|||||&#8221; header_font=&#8221;|300||on|||||&#8221; header_2_font=&#8221;Raleway|||on|||||&#8221; header_2_text_align=&#8221;left&#8221; header_2_font_size=&#8221;18px&#8221; header_3_font=&#8221;|300|||||||&#8221; header_4_font=&#8221;|300|||||||&#8221; header_5_font=&#8221;|300|||||||&#8221; header_6_font=&#8221;|300|||||||&#8221; custom_margin=&#8221;||0px|&#8221; custom_padding=&#8221;||0px|&#8221;]<\/p>\n<h2>RESPECTE PER LES FORMES<\/h2>\n<p class=\"filete-sobre-imagen\">\n<p>[\/et_pb_text][et_pb_text _builder_version=&#8221;3.14&#8243; text_font=&#8221;|300|||||||&#8221; text_line_height=&#8221;1.6em&#8221;]<\/p>\n<p>Els dissenys de les \u00faltimes col\u00b7leccions de la dissenyadora Cristina Saura, que s&#8217;exposen i comercialitzen a la botiga del Carrer Comer\u00e7 1 de Barcelona, es distingeixen tots ells per l&#8217;atractiu del seu disseny innovador, en tant que evoquen les \u00faltimes tend\u00e8ncies en moda, originalitat i expert maneig del patronatge, pel seu estil intemporal i l&#8217;alta qualitat que confereix als seus vestits una professional i esmeada construcci\u00f3 artesana.<\/p>\n<h5 style=\"text-align: center;\"><\/h5>\n<p class=\"filete-sobre-imagen\">\n<p>[\/et_pb_text][\/et_pb_column][\/et_pb_row][\/et_pb_section]<\/p>\n","protected":false},"excerpt":{"rendered":"<p>&lt;div class=&#8221;et_pb_module et-waypoint et_pb_nextend_smart_slider_3_fullwidth_1 et_pb_animation_off&#8221;&gt;&lt;iframe class=&#8221;n2-ss-slider-frame&#8221; style=&#8221;width: 100%; display: block; border: 0;&#8221; src=&#8221;https:\/\/cristinasaura.com?n2prerender=1&amp;n2app=smartslider&amp;n2controller=slider&amp;n2action=iframe&amp;sliderid=13&amp;hash=950b640e3c8366243b2ebfc7c7004cec&#8221; width=&#8221;300&#8243; height=&#8221;150&#8243; frameborder=&#8221;0&#8243;&gt;&lt;\/iframe&gt;&lt;\/div&gt; GALA PER SEMPRE CARINA MODERNITAT ESPL\u00c8NDIDA IOANA SOFISTICACI\u00d3 DOROTEA INSPIRADORA ARIEL CELESTE ROSETA MARY CHIC INTEMPORAL GEMA SINGULAR LUC\u00cdA SOFISTICADA TANIA HERMOSA LYLA FIONA MAGN\u00cdFICA TRANSPARENT VERA SEXY ANNA FEDRA ESPECTACULAR SUGERENTE RITA PERFECTA CASANDRA ROBERTA JUVENIL P\u00cdA A [&hellip;]<\/p>\n","protected":false},"author":3,"featured_media":0,"parent":0,"menu_order":0,"comment_status":"closed","ping_status":"closed","template":"","meta":{"_et_pb_use_builder":"on","_et_pb_old_content":"","_et_gb_content_width":"","footnotes":""},"class_list":["post-6609","page","type-page","status-publish","hentry"],"yoast_head":"<!-- This site is optimized with the Yoast SEO plugin v26.9 - https:\/\/yoast.com\/product\/yoast-seo-wordpress\/ -->\n<title>Vestits festa | Cristina Saura | Vestits d\u00b4Alta Costura<\/title>\n<meta name=\"description\" content=\"La dissenyadora de vestits d\u00b4Alta Costura Cristina Saura dissenya i crea amb les seves propies mans vestits memorables des de 1998.\" \/>\n<meta name=\"robots\" content=\"index, follow, max-snippet:-1, max-image-preview:large, max-video-preview:-1\" \/>\n<link rel=\"canonical\" href=\"https:\/\/cristinasaura.com\/ca\/vestits-festa-alta-costura-2\/\" \/>\n<meta property=\"og:locale\" content=\"ca_ES\" \/>\n<meta property=\"og:type\" content=\"article\" \/>\n<meta property=\"og:title\" content=\"Vestits festa | Cristina Saura | Vestits d\u00b4Alta Costura\" \/>\n<meta property=\"og:description\" content=\"La dissenyadora de vestits d\u00b4Alta Costura Cristina Saura dissenya i crea amb les seves propies mans vestits memorables des de 1998.\" \/>\n<meta property=\"og:url\" content=\"https:\/\/cristinasaura.com\/ca\/vestits-festa-alta-costura-2\/\" \/>\n<meta property=\"og:site_name\" content=\"Cristina Saura\" \/>\n<meta property=\"article:publisher\" content=\"https:\/\/www.facebook.com\/cristinasaurabarcelona\/\" \/>\n<meta property=\"article:modified_time\" content=\"2023-09-21T08:16:25+00:00\" \/>\n<meta property=\"og:image\" content=\"http:\/\/cristinasaura.com\/wp-content\/uploads\/2018\/01\/gala1.jpg\" \/>\n<meta name=\"twitter:card\" content=\"summary_large_image\" \/>\n<meta name=\"twitter:site\" content=\"@cristinasabcn\" \/>\n<meta name=\"twitter:label1\" content=\"Temps estimat de lectura\" \/>\n\t<meta name=\"twitter:data1\" content=\"10 minuts\" \/>\n<script type=\"application\/ld+json\" class=\"yoast-schema-graph\">{\"@context\":\"https:\/\/schema.org\",\"@graph\":[{\"@type\":\"WebPage\",\"@id\":\"https:\/\/cristinasaura.com\/ca\/vestits-festa-alta-costura-2\/\",\"url\":\"https:\/\/cristinasaura.com\/ca\/vestits-festa-alta-costura-2\/\",\"name\":\"Vestits festa | Cristina Saura | Vestits d\u00b4Alta Costura\",\"isPartOf\":{\"@id\":\"https:\/\/cristinasaura.com\/#website\"},\"primaryImageOfPage\":{\"@id\":\"https:\/\/cristinasaura.com\/ca\/vestits-festa-alta-costura-2\/#primaryimage\"},\"image\":{\"@id\":\"https:\/\/cristinasaura.com\/ca\/vestits-festa-alta-costura-2\/#primaryimage\"},\"thumbnailUrl\":\"http:\/\/cristinasaura.com\/wp-content\/uploads\/2018\/01\/gala1.jpg\",\"datePublished\":\"2017-09-11T06:56:59+00:00\",\"dateModified\":\"2023-09-21T08:16:25+00:00\",\"description\":\"La dissenyadora de vestits d\u00b4Alta Costura Cristina Saura dissenya i crea amb les seves propies mans vestits memorables des de 1998.\",\"breadcrumb\":{\"@id\":\"https:\/\/cristinasaura.com\/ca\/vestits-festa-alta-costura-2\/#breadcrumb\"},\"inLanguage\":\"ca\",\"potentialAction\":[{\"@type\":\"ReadAction\",\"target\":[\"https:\/\/cristinasaura.com\/ca\/vestits-festa-alta-costura-2\/\"]}]},{\"@type\":\"ImageObject\",\"inLanguage\":\"ca\",\"@id\":\"https:\/\/cristinasaura.com\/ca\/vestits-festa-alta-costura-2\/#primaryimage\",\"url\":\"http:\/\/cristinasaura.com\/wp-content\/uploads\/2018\/01\/gala1.jpg\",\"contentUrl\":\"http:\/\/cristinasaura.com\/wp-content\/uploads\/2018\/01\/gala1.jpg\"},{\"@type\":\"BreadcrumbList\",\"@id\":\"https:\/\/cristinasaura.com\/ca\/vestits-festa-alta-costura-2\/#breadcrumb\",\"itemListElement\":[{\"@type\":\"ListItem\",\"position\":1,\"name\":\"Portada\",\"item\":\"https:\/\/cristinasaura.com\/ca\/\"},{\"@type\":\"ListItem\",\"position\":2,\"name\":\"Festa\"}]},{\"@type\":\"WebSite\",\"@id\":\"https:\/\/cristinasaura.com\/#website\",\"url\":\"https:\/\/cristinasaura.com\/\",\"name\":\"Cristina Saura\",\"description\":\"Dise\u00f1adora de vestidos de novia y fiesta de Alta Costura en Barcelona\",\"publisher\":{\"@id\":\"https:\/\/cristinasaura.com\/#organization\"},\"potentialAction\":[{\"@type\":\"SearchAction\",\"target\":{\"@type\":\"EntryPoint\",\"urlTemplate\":\"https:\/\/cristinasaura.com\/?s={search_term_string}\"},\"query-input\":{\"@type\":\"PropertyValueSpecification\",\"valueRequired\":true,\"valueName\":\"search_term_string\"}}],\"inLanguage\":\"ca\"},{\"@type\":\"Organization\",\"@id\":\"https:\/\/cristinasaura.com\/#organization\",\"name\":\"CRISTINA SAURA\",\"url\":\"https:\/\/cristinasaura.com\/\",\"logo\":{\"@type\":\"ImageObject\",\"inLanguage\":\"ca\",\"@id\":\"https:\/\/cristinasaura.com\/#\/schema\/logo\/image\/\",\"url\":\"http:\/\/cristinasaura.com\/wp-content\/uploads\/2017\/12\/cristina-saura-logo.png\",\"contentUrl\":\"http:\/\/cristinasaura.com\/wp-content\/uploads\/2017\/12\/cristina-saura-logo.png\",\"width\":687,\"height\":293,\"caption\":\"CRISTINA SAURA\"},\"image\":{\"@id\":\"https:\/\/cristinasaura.com\/#\/schema\/logo\/image\/\"},\"sameAs\":[\"https:\/\/www.facebook.com\/cristinasaurabarcelona\/\",\"https:\/\/x.com\/cristinasabcn\",\"https:\/\/www.instagram.com\/cristinasaurabcn\/\",\"https:\/\/www.pinterest.es\/designercsaura\/\"]}]}<\/script>\n<!-- \/ Yoast SEO plugin. -->","yoast_head_json":{"title":"Vestits festa | Cristina Saura | Vestits d\u00b4Alta Costura","description":"La dissenyadora de vestits d\u00b4Alta Costura Cristina Saura dissenya i crea amb les seves propies mans vestits memorables des de 1998.","robots":{"index":"index","follow":"follow","max-snippet":"max-snippet:-1","max-image-preview":"max-image-preview:large","max-video-preview":"max-video-preview:-1"},"canonical":"https:\/\/cristinasaura.com\/ca\/vestits-festa-alta-costura-2\/","og_locale":"ca_ES","og_type":"article","og_title":"Vestits festa | Cristina Saura | Vestits d\u00b4Alta Costura","og_description":"La dissenyadora de vestits d\u00b4Alta Costura Cristina Saura dissenya i crea amb les seves propies mans vestits memorables des de 1998.","og_url":"https:\/\/cristinasaura.com\/ca\/vestits-festa-alta-costura-2\/","og_site_name":"Cristina Saura","article_publisher":"https:\/\/www.facebook.com\/cristinasaurabarcelona\/","article_modified_time":"2023-09-21T08:16:25+00:00","og_image":[{"url":"http:\/\/cristinasaura.com\/wp-content\/uploads\/2018\/01\/gala1.jpg","type":"","width":"","height":""}],"twitter_card":"summary_large_image","twitter_site":"@cristinasabcn","twitter_misc":{"Temps estimat de lectura":"10 minuts"},"schema":{"@context":"https:\/\/schema.org","@graph":[{"@type":"WebPage","@id":"https:\/\/cristinasaura.com\/ca\/vestits-festa-alta-costura-2\/","url":"https:\/\/cristinasaura.com\/ca\/vestits-festa-alta-costura-2\/","name":"Vestits festa | Cristina Saura | Vestits d\u00b4Alta Costura","isPartOf":{"@id":"https:\/\/cristinasaura.com\/#website"},"primaryImageOfPage":{"@id":"https:\/\/cristinasaura.com\/ca\/vestits-festa-alta-costura-2\/#primaryimage"},"image":{"@id":"https:\/\/cristinasaura.com\/ca\/vestits-festa-alta-costura-2\/#primaryimage"},"thumbnailUrl":"http:\/\/cristinasaura.com\/wp-content\/uploads\/2018\/01\/gala1.jpg","datePublished":"2017-09-11T06:56:59+00:00","dateModified":"2023-09-21T08:16:25+00:00","description":"La dissenyadora de vestits d\u00b4Alta Costura Cristina Saura dissenya i crea amb les seves propies mans vestits memorables des de 1998.","breadcrumb":{"@id":"https:\/\/cristinasaura.com\/ca\/vestits-festa-alta-costura-2\/#breadcrumb"},"inLanguage":"ca","potentialAction":[{"@type":"ReadAction","target":["https:\/\/cristinasaura.com\/ca\/vestits-festa-alta-costura-2\/"]}]},{"@type":"ImageObject","inLanguage":"ca","@id":"https:\/\/cristinasaura.com\/ca\/vestits-festa-alta-costura-2\/#primaryimage","url":"http:\/\/cristinasaura.com\/wp-content\/uploads\/2018\/01\/gala1.jpg","contentUrl":"http:\/\/cristinasaura.com\/wp-content\/uploads\/2018\/01\/gala1.jpg"},{"@type":"BreadcrumbList","@id":"https:\/\/cristinasaura.com\/ca\/vestits-festa-alta-costura-2\/#breadcrumb","itemListElement":[{"@type":"ListItem","position":1,"name":"Portada","item":"https:\/\/cristinasaura.com\/ca\/"},{"@type":"ListItem","position":2,"name":"Festa"}]},{"@type":"WebSite","@id":"https:\/\/cristinasaura.com\/#website","url":"https:\/\/cristinasaura.com\/","name":"Cristina Saura","description":"Dise\u00f1adora de vestidos de novia y fiesta de Alta Costura en Barcelona","publisher":{"@id":"https:\/\/cristinasaura.com\/#organization"},"potentialAction":[{"@type":"SearchAction","target":{"@type":"EntryPoint","urlTemplate":"https:\/\/cristinasaura.com\/?s={search_term_string}"},"query-input":{"@type":"PropertyValueSpecification","valueRequired":true,"valueName":"search_term_string"}}],"inLanguage":"ca"},{"@type":"Organization","@id":"https:\/\/cristinasaura.com\/#organization","name":"CRISTINA SAURA","url":"https:\/\/cristinasaura.com\/","logo":{"@type":"ImageObject","inLanguage":"ca","@id":"https:\/\/cristinasaura.com\/#\/schema\/logo\/image\/","url":"http:\/\/cristinasaura.com\/wp-content\/uploads\/2017\/12\/cristina-saura-logo.png","contentUrl":"http:\/\/cristinasaura.com\/wp-content\/uploads\/2017\/12\/cristina-saura-logo.png","width":687,"height":293,"caption":"CRISTINA SAURA"},"image":{"@id":"https:\/\/cristinasaura.com\/#\/schema\/logo\/image\/"},"sameAs":["https:\/\/www.facebook.com\/cristinasaurabarcelona\/","https:\/\/x.com\/cristinasabcn","https:\/\/www.instagram.com\/cristinasaurabcn\/","https:\/\/www.pinterest.es\/designercsaura\/"]}]}},"_links":{"self":[{"href":"https:\/\/cristinasaura.com\/ca\/wp-json\/wp\/v2\/pages\/6609","targetHints":{"allow":["GET"]}}],"collection":[{"href":"https:\/\/cristinasaura.com\/ca\/wp-json\/wp\/v2\/pages"}],"about":[{"href":"https:\/\/cristinasaura.com\/ca\/wp-json\/wp\/v2\/types\/page"}],"author":[{"embeddable":true,"href":"https:\/\/cristinasaura.com\/ca\/wp-json\/wp\/v2\/users\/3"}],"replies":[{"embeddable":true,"href":"https:\/\/cristinasaura.com\/ca\/wp-json\/wp\/v2\/comments?post=6609"}],"version-history":[{"count":0,"href":"https:\/\/cristinasaura.com\/ca\/wp-json\/wp\/v2\/pages\/6609\/revisions"}],"wp:attachment":[{"href":"https:\/\/cristinasaura.com\/ca\/wp-json\/wp\/v2\/media?parent=6609"}],"curies":[{"name":"wp","href":"https:\/\/api.w.org\/{rel}","templated":true}]}}